{"id":84,"date":"2025-02-26T14:59:06","date_gmt":"2025-02-26T17:59:06","guid":{"rendered":"https:\/\/comunicaciones.udd.cl\/ceca\/?page_id=84"},"modified":"2026-01-13T11:01:56","modified_gmt":"2026-01-13T14:01:56","slug":"inicio","status":"publish","type":"page","link":"https:\/\/comunicaciones.udd.cl\/ceca\/","title":{"rendered":"Inicio"},"content":{"rendered":"\n<figure class=\"wp-block-image alignright size-full is-resized\"><img loading=\"lazy\" decoding=\"async\" width=\"800\" height=\"531\" src=\"https:\/\/comunicaciones.udd.cl\/ceca\/files\/2025\/03\/comunicaciones.jpg\" alt=\"\" class=\"wp-image-183\" style=\"width:585px;height:auto\" srcset=\"https:\/\/comunicaciones.udd.cl\/ceca\/files\/2025\/03\/comunicaciones.jpg 800w, https:\/\/comunicaciones.udd.cl\/ceca\/files\/2025\/03\/comunicaciones-300x199.jpg 300w, https:\/\/comunicaciones.udd.cl\/ceca\/files\/2025\/03\/comunicaciones-768x510.jpg 768w\" sizes=\"auto, (max-width: 800px) 100vw, 800px\" \/><\/figure>\n\n\n\n<p class=\"has-text-align-left\">La<a href=\"https:\/\/comunicaciones.udd.cl\/\"> <strong>Facultad de Comunicaciones<\/strong><\/a><strong> de la <a href=\"https:\/\/www.udd.cl\/\">Universidad del Desarrollo <\/a>(UDD)<\/strong>&nbsp;impulsa la <strong>investigaci\u00f3n en comunicaci\u00f3n<\/strong>, abordando su diversidad tem\u00e1tica, metodol\u00f3gica y conceptual.<\/p>\n\n\n\n<p class=\"has-text-align-left\">A trav\u00e9s de l\u00edneas de estudio definidas y un enfoque colaborativo con equipos nacionales e internacionales, nuestra \u00e1rea de investigaci\u00f3n contribuye a la comprensi\u00f3n del fen\u00f3meno comunicacional. Difundimos nuestros avances en <strong>revistas cient\u00edficas indexadas, congresos internacionales y medios de comunicaci\u00f3n<\/strong>, asegurando un impacto real en la disciplina.<\/p>\n\n\n<!-- WP Block: UDD - Cards Alternate -->\n<section class=\"wp-block-udd-cards\" style=\"--udd-blocks-has-columns-number: 4\">\n\t<div class=\"container\">\n\t\t\t\t\t<header class=\"header__innerblock block__header\">\n\t\t\t\n<h2 class=\"wp-block-heading\">L\u00edneas de investigaci\u00f3n <\/h2>\n\t\n\t\n\t<\/header>\n\t\t\t\t<div class=\"block__content\">\n\t\t\t<div class=\"cards\">\n\t\t\t\t\t\t\t\t\t\t\t\t\t\t\t\t\t<div class=\"card-wrapper\">\n\t\t\t\t\t\t<div class=\"card\">\n\t\t\t\t\t\t\t<h3 class=\"card__title\">Alfabetizaci\u00f3n medi\u00e1tica, informacional y digital<\/h3>\n\t\t\t\t\t\t\t\t\t\t\t\t\t<\/div>\n\t\t\t\t\t<\/div>\n\t\t\t\t\t\t\t\t\t\t\t\t\t\t\t\t\t\t\t\t\t<div class=\"card-wrapper\">\n\t\t\t\t\t\t<div class=\"card\">\n\t\t\t\t\t\t\t<h3 class=\"card__title\">Estudios de g\u00e9nero e interculturalidad<\/h3>\n\t\t\t\t\t\t\t\t\t\t\t\t\t<\/div>\n\t\t\t\t\t<\/div>\n\t\t\t\t\t\t\t\t\t\t\t\t\t\t\t\t\t\t\t\t\t<div class=\"card-wrapper\">\n\t\t\t\t\t\t<div class=\"card\">\n\t\t\t\t\t\t\t<h3 class=\"card__title\">\u00c9tica Period\u00edstica, sistemas de rendici\u00f3n de cuentas en los medios (Media Accountability) y Derecho a la informaci\u00f3n<\/h3>\n\t\t\t\t\t\t\t\t\t\t\t\t\t<\/div>\n\t\t\t\t\t<\/div>\n\t\t\t\t\t\t\t\t\t\t\t\t\t\t\t\t\t\t\t\t\t<div class=\"card-wrapper\">\n\t\t\t\t\t\t<div class=\"card\">\n\t\t\t\t\t\t\t<h3 class=\"card__title\">Desinformaci\u00f3n, libertad de expresi\u00f3n y pluralismo en los medios<\/h3>\n\t\t\t\t\t\t\t\t\t\t\t\t\t\t<div class=\"card__description\">\n\t\t\t\t\t\t\t\t\t\t\t\t\t\t\t<\/div>\n\t\t\t\t\t\t\t\t\t\t\t\t\t<\/div>\n\t\t\t\t\t<\/div>\n\t\t\t\t\t\t\t\t\t\t<\/div>\n\t\t<\/div>\n\t<\/div>\n<\/section>\n\n\n<!-- WP Block: UDD - Cards Alternate -->\n<section class=\"wp-block-udd-cards udd-cards-v2--1 \"\n\t\tstyle=\"--udd-blocks-has-columns-number: 2;\"\n\t>\n\t<div class=\"container\">\n\t\t\t\t\t\t\t\t\t<div class=\"block__content\">\n\t\t\t<div\n\t\t\t\t\t\t\t\tclass=\"cards cards-v2 \"\n\t\t\t>\n\t\t\t\t\t\t\t\t\t\t\t\t<div class=\"card-wrapper\">\n\t\t\t\t\t\t<div class=\"card\">\n\t\t\t\t\t\t\t\t\t\t\t\t\t\t<h3 class=\"card__title\">Audiovisualidad. Indicadores de calidad y emociones en producciones audiovisuales y multiplataforma<\/h3>\n\t\t\t\t\t\t\t\t\t\t\t\t\t<\/div>\n\t\t\t\t\t<\/div>\n\t\t\t\t\t\t\t\t\t\t\t\t\t\t\t\t<div class=\"card-wrapper\">\n\t\t\t\t\t\t<div class=\"card\">\n\t\t\t\t\t\t\t\t\t\t\t\t\t\t<h3 class=\"card__title\">Pensamiento creativo<\/h3>\n\t\t\t\t\t\t\t\t\t\t\t\t\t<\/div>\n\t\t\t\t\t<\/div>\n\t\t\t\t\t\t\t\t\t\t<\/div>\n\t\t<\/div>\n\t<\/div>\n<\/section>\n\n\n<!-- WP Block: UDD - Cards Alternate -->\n<section class=\"wp-block-udd-cards\" style=\"--udd-blocks-has-columns-number: 4\">\n\t<div class=\"container\">\n\t\t\t\t\t<header class=\"header__innerblock block__header\">\n\t\t\t\n<h1 class=\"wp-block-heading\">Publicaciones<\/h1>\n\t\n\t\n\t\t\t<div class=\"block__more\">\n\t\t\t<a href=\"https:\/\/comunicaciones.udd.cl\/ceca\/publicaciones-impresas\/\">\n\t\t\t\tVer m\u00e1s\t\t\t<\/a>\n\t\t<\/div>\n\t<\/header>\n\t\t\t\t<div class=\"block__content\">\n\t\t\t<div class=\"cards\">\n\t\t\t\t\t\t\t\t\t\t\t\t\t\t\t\t\t<div class=\"card-wrapper\">\n\t\t\t\t\t\t<div class=\"card\">\n\t\t\t\t\t\t\t<h3 class=\"card__title\">Diferencias de g\u00e9nero y percepci\u00f3n de desinformaci\u00f3n en el consumo informativo de comunidades migrantes en Chile<\/h3>\n\t\t\t\t\t\t\t\t\t\t\t\t\t\t<div class=\"card__description\">\n\t\t\t\t\t\t\t\t<p>Sibrian D\u00edaz, N., &amp; Villafa\u00f1e N\u00fa\u00f1ez, J. (2024).<br \/><a href=\"https:\/\/comunicaciones.udd.cl\/ceca\/files\/2025\/03\/4098.pdf\">PDF<\/a><\/p>\n\t\t\t\t\t\t\t<\/div>\n\t\t\t\t\t\t\t\t\t\t\t\t\t<\/div>\n\t\t\t\t\t<\/div>\n\t\t\t\t\t\t\t\t\t\t\t\t\t\t\t\t\t\t\t\t\t<div class=\"card-wrapper\">\n\t\t\t\t\t\t<div class=\"card\">\n\t\t\t\t\t\t\t<h3 class=\"card__title\">Desaf\u00edos en la ense\u00f1anza del periodismo: autopercepci\u00f3n de competencias medi\u00e1ticas en profesores de universidades chilenas<\/h3>\n\t\t\t\t\t\t\t\t\t\t\t\t\t\t<div class=\"card__description\">\n\t\t\t\t\t\t\t\t<p>Sibrian D\u00edaz, N., Maureira Gonz\u00e1lez, P. L., Reyes Betanzo, C. X., Lazcano-Pe\u00f1a, D., Alfaro, A., &amp; Z\u00fa\u00f1iga, V. (2024).<br \/><a href=\"https:\/\/revistas.urosario.edu.co\/index.php\/disertaciones\/article\/view\/14248\">PDF<\/a><\/p>\n\t\t\t\t\t\t\t<\/div>\n\t\t\t\t\t\t\t\t\t\t\t\t\t<\/div>\n\t\t\t\t\t<\/div>\n\t\t\t\t\t\t\t\t\t\t\t\t\t\t\t\t\t\t\t\t\t<div class=\"card-wrapper\">\n\t\t\t\t\t\t<div class=\"card\">\n\t\t\t\t\t\t\t<h3 class=\"card__title\">Cap\u00edtulo de libro \u00abDesinformaci\u00f3n y metodolog\u00edas de verificaci\u00f3n de datos aplicadas por plataformas electorales en Chile en el a\u00f1o 2022\u00bb en Libro Informar, comunicar y entretener hoy, ISBN 978-84-1381-794-1 colecci\u00f3n \u201cUniversidad y lectura\u201d<\/h3>\n\t\t\t\t\t\t\t\t\t\t\t\t\t\t<div class=\"card__description\">\n\t\t\t\t\t\t\t\t<p>Labrador, M,Sibrian, N. y Ru\u00edz, M. (2024).<br \/><a href=\"https:\/\/www.dykinson.com\/libros\/informar-comunicar-y-entretener-hoy\/9788413817941\/\">PDF<\/a><\/p>\n\t\t\t\t\t\t\t<\/div>\n\t\t\t\t\t\t\t\t\t\t\t\t\t<\/div>\n\t\t\t\t\t<\/div>\n\t\t\t\t\t\t\t\t\t\t\t\t\t\t\t\t\t\t\t\t\t<div class=\"card-wrapper\">\n\t\t\t\t\t\t<div class=\"card\">\n\t\t\t\t\t\t\t<h3 class=\"card__title\">Cap\u00edtulo de libro Desinformaci\u00f3n y Marcos Regulatorios en Am\u00e9rica Latina. Desaf\u00edos en torno a discursos de odio, eliminaci\u00f3n masiva de datos y derecho al olvido pp.139.155, en libro Democracia Y Desinformaci\u00f3n. Nuevas formas de polarizaci\u00f3n, discursos de odio y campa\u00f1as en redes. Respuestas regulatorias de Europa y Am\u00e9rica Latina<\/h3>\n\t\t\t\t\t\t\t\t\t\t\t\t\t\t<div class=\"card__description\">\n\t\t\t\t\t\t\t\t<p>Sibrian y Labrador (2024).<br \/><a href=\"https:\/\/www.dykinson.com\/libros\/democracia-y-desinformacion\/9788411709484\/\">PDF<\/a><\/p>\n\t\t\t\t\t\t\t<\/div>\n\t\t\t\t\t\t\t\t\t\t\t\t\t<\/div>\n\t\t\t\t\t<\/div>\n\t\t\t\t\t\t\t\t\t\t<\/div>\n\t\t<\/div>\n\t<\/div>\n<\/section>\n\n\n<!-- WP Block: UDD - People -->\n<section class=\"wp-block-udd-people \">\n\t<div class=\"container\">\n\t\t\t\t<header class=\"block__header\">\n\t\t\t\t\t\t\t\n<h2 class=\"wp-block-heading\">Investigadores<\/h2>\n\t\t\t\t\t\t\t\t<\/header>\n\t\t\t\t<div class=\"people-cards\">\n\t\t\t\t\t<div class=\"person-card\">\n\t<a href=\"https:\/\/comunicaciones.udd.cl\/ceca\/persona\/maria-jose-labrador\/\"\n\t\tclass=\"person-card__inner js-person-modal\"\n\t\tdata-post-id=\"45\"\n\t\tdata-postid=\"45\"\n\t>\n\t\t\t<div class=\"person-card__media\">\n\t\t\t<img loading=\"lazy\" decoding=\"async\" width=\"500\" height=\"500\" src=\"https:\/\/comunicaciones.udd.cl\/ceca\/files\/2025\/02\/whatsapp-image-2025-05-28-at-14-19-34-e1765828958962-62x62.jpeg\" class=\"person-card__image wp-post-image lazyload\" alt=\"\" sizes=\"auto, (max-width: 500px) 100vw, 500px\" data-src=\"https:\/\/comunicaciones.udd.cl\/ceca\/files\/2025\/02\/whatsapp-image-2025-05-28-at-14-19-34-e1765828958962-500x500.jpeg\" data-srcset=\"https:\/\/comunicaciones.udd.cl\/ceca\/files\/2025\/02\/whatsapp-image-2025-05-28-at-14-19-34-e1765828958962-500x500.jpeg 500w, https:\/\/comunicaciones.udd.cl\/ceca\/files\/2025\/02\/whatsapp-image-2025-05-28-at-14-19-34-e1765828958962-150x150.jpeg 150w, https:\/\/comunicaciones.udd.cl\/ceca\/files\/2025\/02\/whatsapp-image-2025-05-28-at-14-19-34-e1765828958962-62x62.jpeg 62w, https:\/\/comunicaciones.udd.cl\/ceca\/files\/2025\/02\/whatsapp-image-2025-05-28-at-14-19-34-e1765828958962-250x250.jpeg 250w, https:\/\/comunicaciones.udd.cl\/ceca\/files\/2025\/02\/whatsapp-image-2025-05-28-at-14-19-34-e1765828958962-126x126.jpeg 126w\" \/>\t\t<\/div>\n\t\t\t<div class=\"person-card__content\">\n\t\t\t<h3 class=\"person-card__name\">Mar\u00eda Jos\u00e9  Labrador<\/h3>\n\t\t\t\t\t<span class=\"person-card__description\">Directora Centro de Estudios de Comunicaci\u00f3n Aplicada<\/span>\n\t\t\t\t\t<span class=\"person-card__cta\">Ver perfil<\/span>\n\t\t<\/div>\n\t<\/a>\n<\/div>\n\t\t\t\t\t<div class=\"person-card\">\n\t<a href=\"https:\/\/comunicaciones.udd.cl\/ceca\/persona\/nairbis-sibrian\/\"\n\t\tclass=\"person-card__inner js-person-modal\"\n\t\tdata-post-id=\"49\"\n\t\tdata-postid=\"49\"\n\t>\n\t\t\t<div class=\"person-card__media\">\n\t\t\t<img loading=\"lazy\" decoding=\"async\" width=\"500\" height=\"500\" src=\"https:\/\/comunicaciones.udd.cl\/ceca\/files\/2025\/02\/nairbis-sibrian-1-e1740581966953-62x62.jpeg\" class=\"person-card__image wp-post-image lazyload\" alt=\"\" sizes=\"auto, (max-width: 500px) 100vw, 500px\" data-src=\"https:\/\/comunicaciones.udd.cl\/ceca\/files\/2025\/02\/nairbis-sibrian-1-e1740581966953-500x500.jpeg\" data-srcset=\"https:\/\/comunicaciones.udd.cl\/ceca\/files\/2025\/02\/nairbis-sibrian-1-e1740581966953-500x500.jpeg 500w, https:\/\/comunicaciones.udd.cl\/ceca\/files\/2025\/02\/nairbis-sibrian-1-e1740581966953-300x300.jpeg 300w, https:\/\/comunicaciones.udd.cl\/ceca\/files\/2025\/02\/nairbis-sibrian-1-e1740581966953-150x150.jpeg 150w, https:\/\/comunicaciones.udd.cl\/ceca\/files\/2025\/02\/nairbis-sibrian-1-e1740581966953-768x768.jpeg 768w, https:\/\/comunicaciones.udd.cl\/ceca\/files\/2025\/02\/nairbis-sibrian-1-e1740581966953-62x62.jpeg 62w, https:\/\/comunicaciones.udd.cl\/ceca\/files\/2025\/02\/nairbis-sibrian-1-e1740581966953-750x750.jpeg 750w, https:\/\/comunicaciones.udd.cl\/ceca\/files\/2025\/02\/nairbis-sibrian-1-e1740581966953-250x250.jpeg 250w, https:\/\/comunicaciones.udd.cl\/ceca\/files\/2025\/02\/nairbis-sibrian-1-e1740581966953-126x126.jpeg 126w, https:\/\/comunicaciones.udd.cl\/ceca\/files\/2025\/02\/nairbis-sibrian-1-e1740581966953.jpeg 851w\" \/>\t\t<\/div>\n\t\t\t<div class=\"person-card__content\">\n\t\t\t<h3 class=\"person-card__name\">Nairbis Sibrian<\/h3>\n\t\t\t\t\t<span class=\"person-card__description\">Profesora investigadora asociada<\/span>\n\t\t\t\t\t<span class=\"person-card__cta\">Ver perfil<\/span>\n\t\t<\/div>\n\t<\/a>\n<\/div>\n\t\t\t\t\t<div class=\"person-card\">\n\t<a href=\"https:\/\/comunicaciones.udd.cl\/ceca\/persona\/fernando-gutierrez\/\"\n\t\tclass=\"person-card__inner js-person-modal\"\n\t\tdata-post-id=\"53\"\n\t\tdata-postid=\"53\"\n\t>\n\t\t\t<div class=\"person-card__media\">\n\t\t\t<img loading=\"lazy\" decoding=\"async\" width=\"500\" height=\"500\" src=\"https:\/\/comunicaciones.udd.cl\/ceca\/files\/2025\/02\/fernando-gutierrez-scaled-e1740582427427-62x62.jpg\" class=\"person-card__image wp-post-image lazyload\" alt=\"\" sizes=\"auto, (max-width: 500px) 100vw, 500px\" data-src=\"https:\/\/comunicaciones.udd.cl\/ceca\/files\/2025\/02\/fernando-gutierrez-scaled-e1740582427427-500x500.jpg\" data-srcset=\"https:\/\/comunicaciones.udd.cl\/ceca\/files\/2025\/02\/fernando-gutierrez-scaled-e1740582427427-500x500.jpg 500w, https:\/\/comunicaciones.udd.cl\/ceca\/files\/2025\/02\/fernando-gutierrez-scaled-e1740582427427-150x150.jpg 150w, https:\/\/comunicaciones.udd.cl\/ceca\/files\/2025\/02\/fernando-gutierrez-scaled-e1740582427427-62x62.jpg 62w, https:\/\/comunicaciones.udd.cl\/ceca\/files\/2025\/02\/fernando-gutierrez-scaled-e1740582427427-750x750.jpg 750w, https:\/\/comunicaciones.udd.cl\/ceca\/files\/2025\/02\/fernando-gutierrez-scaled-e1740582427427-250x250.jpg 250w, https:\/\/comunicaciones.udd.cl\/ceca\/files\/2025\/02\/fernando-gutierrez-scaled-e1740582427427-126x126.jpg 126w\" \/>\t\t<\/div>\n\t\t\t<div class=\"person-card__content\">\n\t\t\t<h3 class=\"person-card__name\">Fernando  Guti\u00e9rrez<\/h3>\n\t\t\t\t\t<span class=\"person-card__description\">Profesor investigador asociado<\/span>\n\t\t\t\t\t<span class=\"person-card__cta\">Ver perfil<\/span>\n\t\t<\/div>\n\t<\/a>\n<\/div>\n\t\t\t\t<\/div>\n\t<\/div>\n<\/section>\n\n\n<!-- WP Block: UDD - People -->\n<section class=\"wp-block-udd-people \">\n\t<div class=\"container\">\n\t\t\t\t<header class=\"block__header\">\n\t\t\t\t\t\t\t\n<h2 class=\"wp-block-heading\"><\/h2>\n\t\t\t\t\t\t\t\t<\/header>\n\t\t\t\t<div class=\"people-cards\">\n\t\t\t\t\t<div class=\"person-card\">\n\t<a href=\"https:\/\/comunicaciones.udd.cl\/ceca\/persona\/claudia-reyes\/\"\n\t\tclass=\"person-card__inner js-person-modal\"\n\t\tdata-post-id=\"55\"\n\t\tdata-postid=\"55\"\n\t>\n\t\t\t<div class=\"person-card__media\">\n\t\t\t<img loading=\"lazy\" decoding=\"async\" width=\"500\" height=\"500\" src=\"https:\/\/comunicaciones.udd.cl\/ceca\/files\/2025\/02\/claudia-reyes-scaled-e1740582764746-62x62.jpg\" class=\"person-card__image wp-post-image lazyload\" alt=\"\" sizes=\"auto, (max-width: 500px) 100vw, 500px\" data-src=\"https:\/\/comunicaciones.udd.cl\/ceca\/files\/2025\/02\/claudia-reyes-scaled-e1740582764746-500x500.jpg\" data-srcset=\"https:\/\/comunicaciones.udd.cl\/ceca\/files\/2025\/02\/claudia-reyes-scaled-e1740582764746-500x500.jpg 500w, https:\/\/comunicaciones.udd.cl\/ceca\/files\/2025\/02\/claudia-reyes-scaled-e1740582764746-150x150.jpg 150w, https:\/\/comunicaciones.udd.cl\/ceca\/files\/2025\/02\/claudia-reyes-scaled-e1740582764746-62x62.jpg 62w, https:\/\/comunicaciones.udd.cl\/ceca\/files\/2025\/02\/claudia-reyes-scaled-e1740582764746-750x750.jpg 750w, https:\/\/comunicaciones.udd.cl\/ceca\/files\/2025\/02\/claudia-reyes-scaled-e1740582764746-250x250.jpg 250w, https:\/\/comunicaciones.udd.cl\/ceca\/files\/2025\/02\/claudia-reyes-scaled-e1740582764746-126x126.jpg 126w\" \/>\t\t<\/div>\n\t\t\t<div class=\"person-card__content\">\n\t\t\t<h3 class=\"person-card__name\">Claudia  Reyes<\/h3>\n\t\t\t\t\t<span class=\"person-card__description\">Investigadora<\/span>\n\t\t\t\t\t<span class=\"person-card__cta\">Ver perfil<\/span>\n\t\t<\/div>\n\t<\/a>\n<\/div>\n\t\t\t\t\t<div class=\"person-card\">\n\t<a href=\"https:\/\/comunicaciones.udd.cl\/ceca\/persona\/karim-galvez\/\"\n\t\tclass=\"person-card__inner js-person-modal\"\n\t\tdata-post-id=\"57\"\n\t\tdata-postid=\"57\"\n\t>\n\t\t\t<div class=\"person-card__media\">\n\t\t\t<img loading=\"lazy\" decoding=\"async\" width=\"500\" height=\"500\" src=\"https:\/\/comunicaciones.udd.cl\/ceca\/files\/2025\/02\/karim-galvez-scaled-e1740582895807-62x62.jpg\" class=\"person-card__image wp-post-image lazyload\" alt=\"\" sizes=\"auto, (max-width: 500px) 100vw, 500px\" data-src=\"https:\/\/comunicaciones.udd.cl\/ceca\/files\/2025\/02\/karim-galvez-scaled-e1740582895807-500x500.jpg\" data-srcset=\"https:\/\/comunicaciones.udd.cl\/ceca\/files\/2025\/02\/karim-galvez-scaled-e1740582895807-500x500.jpg 500w, https:\/\/comunicaciones.udd.cl\/ceca\/files\/2025\/02\/karim-galvez-scaled-e1740582895807-150x150.jpg 150w, https:\/\/comunicaciones.udd.cl\/ceca\/files\/2025\/02\/karim-galvez-scaled-e1740582895807-62x62.jpg 62w, https:\/\/comunicaciones.udd.cl\/ceca\/files\/2025\/02\/karim-galvez-scaled-e1740582895807-750x750.jpg 750w, https:\/\/comunicaciones.udd.cl\/ceca\/files\/2025\/02\/karim-galvez-scaled-e1740582895807-250x250.jpg 250w, https:\/\/comunicaciones.udd.cl\/ceca\/files\/2025\/02\/karim-galvez-scaled-e1740582895807-126x126.jpg 126w\" \/>\t\t<\/div>\n\t\t\t<div class=\"person-card__content\">\n\t\t\t<h3 class=\"person-card__name\">Karim G\u00e1lvez<\/h3>\n\t\t\t\t\t<span class=\"person-card__description\">Investigadora<\/span>\n\t\t\t\t\t<span class=\"person-card__cta\">Ver perfil<\/span>\n\t\t<\/div>\n\t<\/a>\n<\/div>\n\t\t\t\t\t<div class=\"person-card\">\n\t<a href=\"https:\/\/comunicaciones.udd.cl\/ceca\/persona\/maria-cristina-silva\/\"\n\t\tclass=\"person-card__inner js-person-modal\"\n\t\tdata-post-id=\"59\"\n\t\tdata-postid=\"59\"\n\t>\n\t\t\t<div class=\"person-card__media\">\n\t\t\t<img loading=\"lazy\" decoding=\"async\" width=\"500\" height=\"500\" src=\"https:\/\/comunicaciones.udd.cl\/ceca\/files\/2025\/02\/maria-cristina-silva-scaled-e1740583025956-62x62.jpg\" class=\"person-card__image wp-post-image lazyload\" alt=\"\" sizes=\"auto, (max-width: 500px) 100vw, 500px\" data-src=\"https:\/\/comunicaciones.udd.cl\/ceca\/files\/2025\/02\/maria-cristina-silva-scaled-e1740583025956-500x500.jpg\" data-srcset=\"https:\/\/comunicaciones.udd.cl\/ceca\/files\/2025\/02\/maria-cristina-silva-scaled-e1740583025956-500x500.jpg 500w, https:\/\/comunicaciones.udd.cl\/ceca\/files\/2025\/02\/maria-cristina-silva-scaled-e1740583025956-150x150.jpg 150w, https:\/\/comunicaciones.udd.cl\/ceca\/files\/2025\/02\/maria-cristina-silva-scaled-e1740583025956-62x62.jpg 62w, https:\/\/comunicaciones.udd.cl\/ceca\/files\/2025\/02\/maria-cristina-silva-scaled-e1740583025956-750x750.jpg 750w, https:\/\/comunicaciones.udd.cl\/ceca\/files\/2025\/02\/maria-cristina-silva-scaled-e1740583025956-250x250.jpg 250w, https:\/\/comunicaciones.udd.cl\/ceca\/files\/2025\/02\/maria-cristina-silva-scaled-e1740583025956-126x126.jpg 126w\" \/>\t\t<\/div>\n\t\t\t<div class=\"person-card__content\">\n\t\t\t<h3 class=\"person-card__name\">Mar\u00eda Cristina Silva<\/h3>\n\t\t\t\t\t<span class=\"person-card__description\">Investigadora<\/span>\n\t\t\t\t\t<span class=\"person-card__cta\">Ver perfil<\/span>\n\t\t<\/div>\n\t<\/a>\n<\/div>\n\t\t\t\t\t<div class=\"person-card\">\n\t<a href=\"https:\/\/comunicaciones.udd.cl\/ceca\/persona\/paulina-maureira\/\"\n\t\tclass=\"person-card__inner js-person-modal\"\n\t\tdata-post-id=\"61\"\n\t\tdata-postid=\"61\"\n\t>\n\t\t\t<div class=\"person-card__media\">\n\t\t\t<img loading=\"lazy\" decoding=\"async\" width=\"500\" height=\"500\" src=\"https:\/\/comunicaciones.udd.cl\/ceca\/files\/2025\/02\/paulina-maureira-scaled-e1740583122419-62x62.jpg\" class=\"person-card__image wp-post-image lazyload\" alt=\"\" sizes=\"auto, (max-width: 500px) 100vw, 500px\" data-src=\"https:\/\/comunicaciones.udd.cl\/ceca\/files\/2025\/02\/paulina-maureira-scaled-e1740583122419-500x500.jpg\" data-srcset=\"https:\/\/comunicaciones.udd.cl\/ceca\/files\/2025\/02\/paulina-maureira-scaled-e1740583122419-500x500.jpg 500w, https:\/\/comunicaciones.udd.cl\/ceca\/files\/2025\/02\/paulina-maureira-scaled-e1740583122419-150x150.jpg 150w, https:\/\/comunicaciones.udd.cl\/ceca\/files\/2025\/02\/paulina-maureira-scaled-e1740583122419-62x62.jpg 62w, https:\/\/comunicaciones.udd.cl\/ceca\/files\/2025\/02\/paulina-maureira-scaled-e1740583122419-750x750.jpg 750w, https:\/\/comunicaciones.udd.cl\/ceca\/files\/2025\/02\/paulina-maureira-scaled-e1740583122419-250x250.jpg 250w, https:\/\/comunicaciones.udd.cl\/ceca\/files\/2025\/02\/paulina-maureira-scaled-e1740583122419-126x126.jpg 126w\" \/>\t\t<\/div>\n\t\t\t<div class=\"person-card__content\">\n\t\t\t<h3 class=\"person-card__name\">Paulina  Maureira<\/h3>\n\t\t\t\t\t<span class=\"person-card__description\">Investigadora<\/span>\n\t\t\t\t\t<span class=\"person-card__cta\">Ver perfil<\/span>\n\t\t<\/div>\n\t<\/a>\n<\/div>\n\t\t\t\t\t<div class=\"person-card\">\n\t<a href=\"https:\/\/comunicaciones.udd.cl\/ceca\/persona\/myriam-ruiz\/\"\n\t\tclass=\"person-card__inner js-person-modal\"\n\t\tdata-post-id=\"63\"\n\t\tdata-postid=\"63\"\n\t>\n\t\t\t<div class=\"person-card__media\">\n\t\t\t<img loading=\"lazy\" decoding=\"async\" width=\"500\" height=\"500\" src=\"https:\/\/comunicaciones.udd.cl\/ceca\/files\/2025\/02\/myriam-ruiz-scaled-e1740583214280-62x62.jpg\" class=\"person-card__image wp-post-image lazyload\" alt=\"\" sizes=\"auto, (max-width: 500px) 100vw, 500px\" data-src=\"https:\/\/comunicaciones.udd.cl\/ceca\/files\/2025\/02\/myriam-ruiz-scaled-e1740583214280-500x500.jpg\" data-srcset=\"https:\/\/comunicaciones.udd.cl\/ceca\/files\/2025\/02\/myriam-ruiz-scaled-e1740583214280-500x500.jpg 500w, https:\/\/comunicaciones.udd.cl\/ceca\/files\/2025\/02\/myriam-ruiz-scaled-e1740583214280-150x150.jpg 150w, https:\/\/comunicaciones.udd.cl\/ceca\/files\/2025\/02\/myriam-ruiz-scaled-e1740583214280-62x62.jpg 62w, https:\/\/comunicaciones.udd.cl\/ceca\/files\/2025\/02\/myriam-ruiz-scaled-e1740583214280-750x750.jpg 750w, https:\/\/comunicaciones.udd.cl\/ceca\/files\/2025\/02\/myriam-ruiz-scaled-e1740583214280-250x250.jpg 250w, https:\/\/comunicaciones.udd.cl\/ceca\/files\/2025\/02\/myriam-ruiz-scaled-e1740583214280-126x126.jpg 126w\" \/>\t\t<\/div>\n\t\t\t<div class=\"person-card__content\">\n\t\t\t<h3 class=\"person-card__name\">Myriam Ruiz<\/h3>\n\t\t\t\t\t<span class=\"person-card__description\">Investigadora<\/span>\n\t\t\t\t\t<span class=\"person-card__cta\">Ver perfil<\/span>\n\t\t<\/div>\n\t<\/a>\n<\/div>\n\t\t\t\t\t<div class=\"person-card\">\n\t<a href=\"https:\/\/comunicaciones.udd.cl\/ceca\/persona\/monica-reyes\/\"\n\t\tclass=\"person-card__inner js-person-modal\"\n\t\tdata-post-id=\"65\"\n\t\tdata-postid=\"65\"\n\t>\n\t\t\t<div class=\"person-card__media\">\n\t\t\t<img loading=\"lazy\" decoding=\"async\" width=\"500\" height=\"500\" src=\"https:\/\/comunicaciones.udd.cl\/ceca\/files\/2025\/02\/monica-reyes-scaled-e1740583326442-62x62.jpg\" class=\"person-card__image wp-post-image lazyload\" alt=\"\" sizes=\"auto, (max-width: 500px) 100vw, 500px\" data-src=\"https:\/\/comunicaciones.udd.cl\/ceca\/files\/2025\/02\/monica-reyes-scaled-e1740583326442-500x500.jpg\" data-srcset=\"https:\/\/comunicaciones.udd.cl\/ceca\/files\/2025\/02\/monica-reyes-scaled-e1740583326442-500x500.jpg 500w, https:\/\/comunicaciones.udd.cl\/ceca\/files\/2025\/02\/monica-reyes-scaled-e1740583326442-150x150.jpg 150w, https:\/\/comunicaciones.udd.cl\/ceca\/files\/2025\/02\/monica-reyes-scaled-e1740583326442-62x62.jpg 62w, https:\/\/comunicaciones.udd.cl\/ceca\/files\/2025\/02\/monica-reyes-scaled-e1740583326442-750x750.jpg 750w, https:\/\/comunicaciones.udd.cl\/ceca\/files\/2025\/02\/monica-reyes-scaled-e1740583326442-250x250.jpg 250w, https:\/\/comunicaciones.udd.cl\/ceca\/files\/2025\/02\/monica-reyes-scaled-e1740583326442-126x126.jpg 126w\" \/>\t\t<\/div>\n\t\t\t<div class=\"person-card__content\">\n\t\t\t<h3 class=\"person-card__name\">M\u00f3nica  Reyes<\/h3>\n\t\t\t\t\t<span class=\"person-card__description\">Investigadora<\/span>\n\t\t\t\t\t<span class=\"person-card__cta\">Ver perfil<\/span>\n\t\t<\/div>\n\t<\/a>\n<\/div>\n\t\t\t\t\t<div class=\"person-card\">\n\t<a href=\"https:\/\/comunicaciones.udd.cl\/ceca\/persona\/carlos-villarroel\/\"\n\t\tclass=\"person-card__inner js-person-modal\"\n\t\tdata-post-id=\"67\"\n\t\tdata-postid=\"67\"\n\t>\n\t\t\t<div class=\"person-card__media\">\n\t\t\t<img loading=\"lazy\" decoding=\"async\" width=\"500\" height=\"500\" src=\"https:\/\/comunicaciones.udd.cl\/ceca\/files\/2025\/02\/carlos-villarroel-scaled-e1740583450939-62x62.jpg\" class=\"person-card__image wp-post-image lazyload\" alt=\"\" sizes=\"auto, (max-width: 500px) 100vw, 500px\" data-src=\"https:\/\/comunicaciones.udd.cl\/ceca\/files\/2025\/02\/carlos-villarroel-scaled-e1740583450939-500x500.jpg\" data-srcset=\"https:\/\/comunicaciones.udd.cl\/ceca\/files\/2025\/02\/carlos-villarroel-scaled-e1740583450939-500x500.jpg 500w, https:\/\/comunicaciones.udd.cl\/ceca\/files\/2025\/02\/carlos-villarroel-scaled-e1740583450939-150x150.jpg 150w, https:\/\/comunicaciones.udd.cl\/ceca\/files\/2025\/02\/carlos-villarroel-scaled-e1740583450939-62x62.jpg 62w, https:\/\/comunicaciones.udd.cl\/ceca\/files\/2025\/02\/carlos-villarroel-scaled-e1740583450939-750x750.jpg 750w, https:\/\/comunicaciones.udd.cl\/ceca\/files\/2025\/02\/carlos-villarroel-scaled-e1740583450939-250x250.jpg 250w, https:\/\/comunicaciones.udd.cl\/ceca\/files\/2025\/02\/carlos-villarroel-scaled-e1740583450939-126x126.jpg 126w\" \/>\t\t<\/div>\n\t\t\t<div class=\"person-card__content\">\n\t\t\t<h3 class=\"person-card__name\">Carlos Villarroel<\/h3>\n\t\t\t\t\t<span class=\"person-card__description\">Investigador<\/span>\n\t\t\t\t\t<span class=\"person-card__cta\">Ver perfil<\/span>\n\t\t<\/div>\n\t<\/a>\n<\/div>\n\t\t\t\t\t<div class=\"person-card\">\n\t<a href=\"https:\/\/comunicaciones.udd.cl\/ceca\/persona\/antonia-rodriguez\/\"\n\t\tclass=\"person-card__inner js-person-modal\"\n\t\tdata-post-id=\"69\"\n\t\tdata-postid=\"69\"\n\t>\n\t\t\t<div class=\"person-card__media\">\n\t\t\t<img loading=\"lazy\" decoding=\"async\" width=\"500\" height=\"500\" src=\"https:\/\/comunicaciones.udd.cl\/ceca\/files\/2025\/02\/antonia-rodriguez-scaled-e1740583615439-62x62.jpg\" class=\"person-card__image wp-post-image lazyload\" alt=\"\" sizes=\"auto, (max-width: 500px) 100vw, 500px\" data-src=\"https:\/\/comunicaciones.udd.cl\/ceca\/files\/2025\/02\/antonia-rodriguez-scaled-e1740583615439-500x500.jpg\" data-srcset=\"https:\/\/comunicaciones.udd.cl\/ceca\/files\/2025\/02\/antonia-rodriguez-scaled-e1740583615439-500x500.jpg 500w, https:\/\/comunicaciones.udd.cl\/ceca\/files\/2025\/02\/antonia-rodriguez-scaled-e1740583615439-150x150.jpg 150w, https:\/\/comunicaciones.udd.cl\/ceca\/files\/2025\/02\/antonia-rodriguez-scaled-e1740583615439-62x62.jpg 62w, https:\/\/comunicaciones.udd.cl\/ceca\/files\/2025\/02\/antonia-rodriguez-scaled-e1740583615439-750x750.jpg 750w, https:\/\/comunicaciones.udd.cl\/ceca\/files\/2025\/02\/antonia-rodriguez-scaled-e1740583615439-250x250.jpg 250w, https:\/\/comunicaciones.udd.cl\/ceca\/files\/2025\/02\/antonia-rodriguez-scaled-e1740583615439-126x126.jpg 126w\" \/>\t\t<\/div>\n\t\t\t<div class=\"person-card__content\">\n\t\t\t<h3 class=\"person-card__name\">Antonia Rodr\u00edguez<\/h3>\n\t\t\t\t\t<span class=\"person-card__description\">Investigadora<\/span>\n\t\t\t\t\t<span class=\"person-card__cta\">Ver perfil<\/span>\n\t\t<\/div>\n\t<\/a>\n<\/div>\n\t\t\t\t<\/div>\n\t<\/div>\n<\/section>\n\n\n<section class=\"wp-block-udd-fullwidth-cards\">\n\t<div class=\"container\">\n\t\t<header class=\"block__header\">\n\t\t\t<h2 class=\"block__title\">Noticias Ceca<\/h2>\n\t\t\t\t\t\t<a target=\"_blank\" rel=\"noreferer noopener\" href=\"https:\/\/comunicaciones.udd.cl\/categoria\/ceca\/\" class=\"block__view-more\">Ver m\u00e1s<\/a>\n\t\t\t\t\t<\/header>\n\t\t<div class=\"block__content\">\n\t\t\t<div class=\"fullwidth-cards\">\n\t\t\t\t\t\t\t<div class=\"fullwidth-card-wrapper\">\n\t\t\t\t\t<a href=\"https:\/\/comunicaciones.udd.cl\/noticias\/2026\/04\/udd-presenta-iniciativa-interdisciplinaria-que-abordara-los-desafios-de-la-nueva-longevidad\/\" class=\"fullwidth-card fullwidth-card--linkable\">\n\t\t\t\t\t\t<img class=\"fullwidth-card__image wp-post-image\" decoding=\"async\" loading=\"lazy\" width=\"500\" height=\"500\" src=\"https:\/\/comunicaciones.udd.cl\/files\/2026\/04\/nueva_longevidad_2026_vst-4267-500x500.jpg\" alt=\"\" srcset=\"https:\/\/comunicaciones.udd.cl\/files\/2026\/04\/nueva_longevidad_2026_vst-4267-150x150.jpg 150w, https:\/\/comunicaciones.udd.cl\/files\/2026\/04\/nueva_longevidad_2026_vst-4267-62x62.jpg 62w, https:\/\/comunicaciones.udd.cl\/files\/2026\/04\/nueva_longevidad_2026_vst-4267-750x750.jpg 750w, https:\/\/comunicaciones.udd.cl\/files\/2026\/04\/nueva_longevidad_2026_vst-4267-500x500.jpg 500w, https:\/\/comunicaciones.udd.cl\/files\/2026\/04\/nueva_longevidad_2026_vst-4267-250x250.jpg 250w, https:\/\/comunicaciones.udd.cl\/files\/2026\/04\/nueva_longevidad_2026_vst-4267-126x126.jpg 126w\" sizes=\"auto, (max-width: 500px) 100vw, 500px\" >\t\t\t\t\t\t<div class=\"fullwidth-card__content\">\n\t\t\t\t\t\t\t<span class=\"fullwidth-card__date\">15 de abril 2026<\/span>\n\t\t\t\t\t\t\t<h3 class=\"fullwidth-card__title\">UDD\u00a0presenta iniciativa interdisciplinaria que abordar\u00e1 los desaf\u00edos de la Nueva Longevidad<\/h3>\n\t\t\t\t\t\t\t<span class=\"fullwidth-card__link\">Conocer m\u00e1s<\/span>\n\t\t\t\t\t\t<\/div>\n\t\t\t\t\t<\/a>\n\t\t\t\t<\/div>\n\t\t\t\t\t\t\t<div class=\"fullwidth-card-wrapper\">\n\t\t\t\t\t<a href=\"https:\/\/comunicaciones.udd.cl\/noticias\/2026\/04\/maria-cristina-silva-en-el-mercurio-esos-preciados-minutos-iniciales\/\" class=\"fullwidth-card fullwidth-card--linkable\">\n\t\t\t\t\t\t<img class=\"fullwidth-card__image wp-post-image\" decoding=\"async\" loading=\"lazy\" width=\"500\" height=\"500\" src=\"https:\/\/comunicaciones.udd.cl\/files\/2026\/04\/mcristina-silva-scaled-e1776087781228-500x500.jpg\" alt=\"\" srcset=\"https:\/\/comunicaciones.udd.cl\/files\/2026\/04\/mcristina-silva-scaled-e1776087781228-150x150.jpg 150w, https:\/\/comunicaciones.udd.cl\/files\/2026\/04\/mcristina-silva-scaled-e1776087781228-62x62.jpg 62w, https:\/\/comunicaciones.udd.cl\/files\/2026\/04\/mcristina-silva-scaled-e1776087781228-750x750.jpg 750w, https:\/\/comunicaciones.udd.cl\/files\/2026\/04\/mcristina-silva-scaled-e1776087781228-500x500.jpg 500w, https:\/\/comunicaciones.udd.cl\/files\/2026\/04\/mcristina-silva-scaled-e1776087781228-250x250.jpg 250w, https:\/\/comunicaciones.udd.cl\/files\/2026\/04\/mcristina-silva-scaled-e1776087781228-126x126.jpg 126w\" sizes=\"auto, (max-width: 500px) 100vw, 500px\" >\t\t\t\t\t\t<div class=\"fullwidth-card__content\">\n\t\t\t\t\t\t\t<span class=\"fullwidth-card__date\">13 de abril 2026<\/span>\n\t\t\t\t\t\t\t<h3 class=\"fullwidth-card__title\">Mar\u00eda Cristina Silva en El Mercurio: \u00abEsos preciados minutos iniciales\u00bb<\/h3>\n\t\t\t\t\t\t\t<span class=\"fullwidth-card__link\">Conocer m\u00e1s<\/span>\n\t\t\t\t\t\t<\/div>\n\t\t\t\t\t<\/a>\n\t\t\t\t<\/div>\n\t\t\t\t\t\t\t<div class=\"fullwidth-card-wrapper\">\n\t\t\t\t\t<a href=\"https:\/\/comunicaciones.udd.cl\/noticias\/2026\/04\/facultad-de-comunicaciones-lanza-observatorio-global-con-conferencia-sobre-la-guerra-en-medio-oriente\/\" class=\"fullwidth-card fullwidth-card--linkable\">\n\t\t\t\t\t\t<img class=\"fullwidth-card__image wp-post-image\" decoding=\"async\" loading=\"lazy\" width=\"500\" height=\"500\" src=\"https:\/\/comunicaciones.udd.cl\/files\/2026\/04\/0a7a5301-500x500.jpg\" alt=\"\" srcset=\"https:\/\/comunicaciones.udd.cl\/files\/2026\/04\/0a7a5301-150x150.jpg 150w, https:\/\/comunicaciones.udd.cl\/files\/2026\/04\/0a7a5301-62x62.jpg 62w, https:\/\/comunicaciones.udd.cl\/files\/2026\/04\/0a7a5301-750x750.jpg 750w, https:\/\/comunicaciones.udd.cl\/files\/2026\/04\/0a7a5301-500x500.jpg 500w, https:\/\/comunicaciones.udd.cl\/files\/2026\/04\/0a7a5301-250x250.jpg 250w, https:\/\/comunicaciones.udd.cl\/files\/2026\/04\/0a7a5301-126x126.jpg 126w\" sizes=\"auto, (max-width: 500px) 100vw, 500px\" >\t\t\t\t\t\t<div class=\"fullwidth-card__content\">\n\t\t\t\t\t\t\t<span class=\"fullwidth-card__date\">6 de abril 2026<\/span>\n\t\t\t\t\t\t\t<h3 class=\"fullwidth-card__title\">Facultad de Comunicaciones lanza Observatorio Global con conferencia sobre la guerra en Medio Oriente<\/h3>\n\t\t\t\t\t\t\t<span class=\"fullwidth-card__link\">Conocer m\u00e1s<\/span>\n\t\t\t\t\t\t<\/div>\n\t\t\t\t\t<\/a>\n\t\t\t\t<\/div>\n\t\t\t\t\t\t\t<div class=\"fullwidth-card-wrapper\">\n\t\t\t\t\t<a href=\"https:\/\/comunicaciones.udd.cl\/noticias\/2026\/04\/maria-cristina-silva-en-el-mercurio-en-todas-las-mesas-de-chile\/\" class=\"fullwidth-card fullwidth-card--linkable\">\n\t\t\t\t\t\t<img class=\"fullwidth-card__image wp-post-image\" decoding=\"async\" loading=\"lazy\" width=\"150\" height=\"150\" src=\"https:\/\/comunicaciones.udd.cl\/files\/2020\/06\/maria-cristina-silva-1-150x150.jpg\" alt=\"\" srcset=\"https:\/\/comunicaciones.udd.cl\/files\/2020\/06\/maria-cristina-silva-1-300x300.jpg 300w, https:\/\/comunicaciones.udd.cl\/files\/2020\/06\/maria-cristina-silva-1-150x150.jpg 150w, https:\/\/comunicaciones.udd.cl\/files\/2020\/06\/maria-cristina-silva-1-62x62.jpg 62w, https:\/\/comunicaciones.udd.cl\/files\/2020\/06\/maria-cristina-silva-1-250x250.jpg 250w, https:\/\/comunicaciones.udd.cl\/files\/2020\/06\/maria-cristina-silva-1-126x126.jpg 126w, https:\/\/comunicaciones.udd.cl\/files\/2020\/06\/maria-cristina-silva-1.jpg 350w\" sizes=\"auto, (max-width: 500px) 100vw, 500px\" >\t\t\t\t\t\t<div class=\"fullwidth-card__content\">\n\t\t\t\t\t\t\t<span class=\"fullwidth-card__date\">1 de abril 2026<\/span>\n\t\t\t\t\t\t\t<h3 class=\"fullwidth-card__title\">Mar\u00eda Cristina Silva en El Mercurio: En todas las mesas de Chile<\/h3>\n\t\t\t\t\t\t\t<span class=\"fullwidth-card__link\">Conocer m\u00e1s<\/span>\n\t\t\t\t\t\t<\/div>\n\t\t\t\t\t<\/a>\n\t\t\t\t<\/div>\n\t\t\t\t\t\t\t<div class=\"fullwidth-card-wrapper\">\n\t\t\t\t\t<a href=\"https:\/\/comunicaciones.udd.cl\/noticias\/2026\/03\/la-puerta-trasera-del-empleo-femenino\/\" class=\"fullwidth-card fullwidth-card--linkable\">\n\t\t\t\t\t\t<img class=\"fullwidth-card__image wp-post-image\" decoding=\"async\" loading=\"lazy\" width=\"150\" height=\"150\" src=\"https:\/\/comunicaciones.udd.cl\/files\/2024\/11\/reyes_claudia-min-500x500-1-150x150.png\" alt=\"\" srcset=\"https:\/\/comunicaciones.udd.cl\/files\/2024\/11\/reyes_claudia-min-500x500-1-300x300.png 300w, https:\/\/comunicaciones.udd.cl\/files\/2024\/11\/reyes_claudia-min-500x500-1-150x150.png 150w, https:\/\/comunicaciones.udd.cl\/files\/2024\/11\/reyes_claudia-min-500x500-1-62x62.png 62w, https:\/\/comunicaciones.udd.cl\/files\/2024\/11\/reyes_claudia-min-500x500-1-250x250.png 250w, https:\/\/comunicaciones.udd.cl\/files\/2024\/11\/reyes_claudia-min-500x500-1-126x126.png 126w, https:\/\/comunicaciones.udd.cl\/files\/2024\/11\/reyes_claudia-min-500x500-1.png 500w\" sizes=\"auto, (max-width: 500px) 100vw, 500px\" >\t\t\t\t\t\t<div class=\"fullwidth-card__content\">\n\t\t\t\t\t\t\t<span class=\"fullwidth-card__date\">9 de marzo 2026<\/span>\n\t\t\t\t\t\t\t<h3 class=\"fullwidth-card__title\">La puerta trasera del empleo femenino<\/h3>\n\t\t\t\t\t\t\t<span class=\"fullwidth-card__link\">Conocer m\u00e1s<\/span>\n\t\t\t\t\t\t<\/div>\n\t\t\t\t\t<\/a>\n\t\t\t\t<\/div>\n\t\t\t\t\t\t<\/div>\n\t\t<\/div>\n\t<\/div>\n<\/section>\n\n","protected":false},"excerpt":{"rendered":"<p>La Facultad de Comunicaciones de la Universidad del Desarrollo (UDD)&nbsp;impulsa la investigaci\u00f3n en comunicaci\u00f3n, abordando su diversidad tem\u00e1tica, metodol\u00f3gica y conceptual. A trav\u00e9s de l\u00edneas de estudio definidas y un enfoque colaborativo con equipos nacionales e internacionales, nuestra \u00e1rea de investigaci\u00f3n contribuye a la comprensi\u00f3n del fen\u00f3meno comunicacional. Difundimos nuestros avances en revistas cient\u00edficas indexadas, [&hellip;]<\/p>\n","protected":false},"author":9192203,"featured_media":0,"parent":0,"menu_order":0,"comment_status":"closed","ping_status":"closed","template":"","meta":{"footnotes":""},"class_list":["post-84","page","type-page","status-publish","hentry"],"yoast_head":"<!-- This site is optimized with the Yoast SEO plugin v26.9 - https:\/\/yoast.com\/product\/yoast-seo-wordpress\/ -->\n<title>Inicio - CECA - Facultad de Comunicaciones UDD<\/title>\n<meta name=\"description\" content=\"La Facultad de Comunicaciones de la Universidad del Desarrollo (UDD)\u00a0impulsa la investigaci\u00f3n en comunicaci\u00f3n, abordando su diversidad tem\u00e1tica, metodol\u00f3gica y conceptual.\" \/>\n<meta name=\"robots\" content=\"index, follow, max-snippet:-1, max-image-preview:large, max-video-preview:-1\" \/>\n<link rel=\"canonical\" href=\"https:\/\/comunicaciones.udd.cl\/ceca\/\" \/>\n<meta property=\"og:locale\" content=\"es_ES\" \/>\n<meta property=\"og:type\" content=\"article\" \/>\n<meta property=\"og:title\" content=\"Inicio - CECA - Facultad de Comunicaciones UDD\" \/>\n<meta property=\"og:description\" content=\"La Facultad de Comunicaciones de la Universidad del Desarrollo (UDD)\u00a0impulsa la investigaci\u00f3n en comunicaci\u00f3n, abordando su diversidad tem\u00e1tica, metodol\u00f3gica y conceptual.\" \/>\n<meta property=\"og:url\" content=\"https:\/\/comunicaciones.udd.cl\/ceca\/\" \/>\n<meta property=\"og:site_name\" content=\"CECA - Facultad de Comunicaciones UDD\" \/>\n<meta property=\"article:modified_time\" content=\"2026-01-13T14:01:56+00:00\" \/>\n<meta property=\"og:image\" content=\"https:\/\/comunicaciones.udd.cl\/ceca\/files\/2025\/03\/comunicaciones.jpg\" \/>\n\t<meta property=\"og:image:width\" content=\"800\" \/>\n\t<meta property=\"og:image:height\" content=\"531\" \/>\n\t<meta property=\"og:image:type\" content=\"image\/jpeg\" \/>\n<meta name=\"twitter:card\" content=\"summary_large_image\" \/>\n<meta name=\"twitter:label1\" content=\"Tiempo de lectura\" \/>\n\t<meta name=\"twitter:data1\" content=\"1 minuto\" \/>\n<script type=\"application\/ld+json\" class=\"yoast-schema-graph\">{\"@context\":\"https:\/\/schema.org\",\"@graph\":[{\"@type\":\"WebPage\",\"@id\":\"https:\/\/comunicaciones.udd.cl\/ceca\/\",\"url\":\"https:\/\/comunicaciones.udd.cl\/ceca\/\",\"name\":\"Inicio - CECA - Facultad de Comunicaciones UDD\",\"isPartOf\":{\"@id\":\"https:\/\/comunicaciones.udd.cl\/ceca\/#website\"},\"primaryImageOfPage\":{\"@id\":\"https:\/\/comunicaciones.udd.cl\/ceca\/#primaryimage\"},\"image\":{\"@id\":\"https:\/\/comunicaciones.udd.cl\/ceca\/#primaryimage\"},\"thumbnailUrl\":\"https:\/\/comunicaciones.udd.cl\/ceca\/files\/2025\/03\/comunicaciones.jpg\",\"datePublished\":\"2025-02-26T17:59:06+00:00\",\"dateModified\":\"2026-01-13T14:01:56+00:00\",\"description\":\"La Facultad de Comunicaciones de la Universidad del Desarrollo (UDD)\u00a0impulsa la investigaci\u00f3n en comunicaci\u00f3n, abordando su diversidad tem\u00e1tica, metodol\u00f3gica y conceptual.\",\"breadcrumb\":{\"@id\":\"https:\/\/comunicaciones.udd.cl\/ceca\/#breadcrumb\"},\"inLanguage\":\"es\",\"potentialAction\":[{\"@type\":\"ReadAction\",\"target\":[\"https:\/\/comunicaciones.udd.cl\/ceca\/\"]}]},{\"@type\":\"ImageObject\",\"inLanguage\":\"es\",\"@id\":\"https:\/\/comunicaciones.udd.cl\/ceca\/#primaryimage\",\"url\":\"https:\/\/comunicaciones.udd.cl\/ceca\/files\/2025\/03\/comunicaciones.jpg\",\"contentUrl\":\"https:\/\/comunicaciones.udd.cl\/ceca\/files\/2025\/03\/comunicaciones.jpg\",\"width\":800,\"height\":531},{\"@type\":\"BreadcrumbList\",\"@id\":\"https:\/\/comunicaciones.udd.cl\/ceca\/#breadcrumb\",\"itemListElement\":[{\"@type\":\"ListItem\",\"position\":1,\"name\":\"Portada\",\"item\":\"https:\/\/comunicaciones.udd.cl\/ceca\/\"},{\"@type\":\"ListItem\",\"position\":2,\"name\":\"Inicio\"}]},{\"@type\":\"WebSite\",\"@id\":\"https:\/\/comunicaciones.udd.cl\/ceca\/#website\",\"url\":\"https:\/\/comunicaciones.udd.cl\/ceca\/\",\"name\":\"CECA - Facultad de Comunicaciones UDD\",\"description\":\"\",\"inLanguage\":\"es\"}]}<\/script>\n<!-- \/ Yoast SEO plugin. -->","yoast_head_json":{"title":"Inicio - CECA - Facultad de Comunicaciones UDD","description":"La Facultad de Comunicaciones de la Universidad del Desarrollo (UDD)\u00a0impulsa la investigaci\u00f3n en comunicaci\u00f3n, abordando su diversidad tem\u00e1tica, metodol\u00f3gica y conceptual.","robots":{"index":"index","follow":"follow","max-snippet":"max-snippet:-1","max-image-preview":"max-image-preview:large","max-video-preview":"max-video-preview:-1"},"canonical":"https:\/\/comunicaciones.udd.cl\/ceca\/","og_locale":"es_ES","og_type":"article","og_title":"Inicio - CECA - Facultad de Comunicaciones UDD","og_description":"La Facultad de Comunicaciones de la Universidad del Desarrollo (UDD)\u00a0impulsa la investigaci\u00f3n en comunicaci\u00f3n, abordando su diversidad tem\u00e1tica, metodol\u00f3gica y conceptual.","og_url":"https:\/\/comunicaciones.udd.cl\/ceca\/","og_site_name":"CECA - Facultad de Comunicaciones UDD","article_modified_time":"2026-01-13T14:01:56+00:00","og_image":[{"width":800,"height":531,"url":"https:\/\/comunicaciones.udd.cl\/ceca\/files\/2025\/03\/comunicaciones.jpg","type":"image\/jpeg"}],"twitter_card":"summary_large_image","twitter_misc":{"Tiempo de lectura":"1 minuto"},"schema":{"@context":"https:\/\/schema.org","@graph":[{"@type":"WebPage","@id":"https:\/\/comunicaciones.udd.cl\/ceca\/","url":"https:\/\/comunicaciones.udd.cl\/ceca\/","name":"Inicio - CECA - Facultad de Comunicaciones UDD","isPartOf":{"@id":"https:\/\/comunicaciones.udd.cl\/ceca\/#website"},"primaryImageOfPage":{"@id":"https:\/\/comunicaciones.udd.cl\/ceca\/#primaryimage"},"image":{"@id":"https:\/\/comunicaciones.udd.cl\/ceca\/#primaryimage"},"thumbnailUrl":"https:\/\/comunicaciones.udd.cl\/ceca\/files\/2025\/03\/comunicaciones.jpg","datePublished":"2025-02-26T17:59:06+00:00","dateModified":"2026-01-13T14:01:56+00:00","description":"La Facultad de Comunicaciones de la Universidad del Desarrollo (UDD)\u00a0impulsa la investigaci\u00f3n en comunicaci\u00f3n, abordando su diversidad tem\u00e1tica, metodol\u00f3gica y conceptual.","breadcrumb":{"@id":"https:\/\/comunicaciones.udd.cl\/ceca\/#breadcrumb"},"inLanguage":"es","potentialAction":[{"@type":"ReadAction","target":["https:\/\/comunicaciones.udd.cl\/ceca\/"]}]},{"@type":"ImageObject","inLanguage":"es","@id":"https:\/\/comunicaciones.udd.cl\/ceca\/#primaryimage","url":"https:\/\/comunicaciones.udd.cl\/ceca\/files\/2025\/03\/comunicaciones.jpg","contentUrl":"https:\/\/comunicaciones.udd.cl\/ceca\/files\/2025\/03\/comunicaciones.jpg","width":800,"height":531},{"@type":"BreadcrumbList","@id":"https:\/\/comunicaciones.udd.cl\/ceca\/#breadcrumb","itemListElement":[{"@type":"ListItem","position":1,"name":"Portada","item":"https:\/\/comunicaciones.udd.cl\/ceca\/"},{"@type":"ListItem","position":2,"name":"Inicio"}]},{"@type":"WebSite","@id":"https:\/\/comunicaciones.udd.cl\/ceca\/#website","url":"https:\/\/comunicaciones.udd.cl\/ceca\/","name":"CECA - Facultad de Comunicaciones UDD","description":"","inLanguage":"es"}]}},"_links":{"self":[{"href":"https:\/\/comunicaciones.udd.cl\/ceca\/wp-json\/wp\/v2\/pages\/84","targetHints":{"allow":["GET"]}}],"collection":[{"href":"https:\/\/comunicaciones.udd.cl\/ceca\/wp-json\/wp\/v2\/pages"}],"about":[{"href":"https:\/\/comunicaciones.udd.cl\/ceca\/wp-json\/wp\/v2\/types\/page"}],"author":[{"embeddable":true,"href":"https:\/\/comunicaciones.udd.cl\/ceca\/wp-json\/wp\/v2\/users\/9192203"}],"replies":[{"embeddable":true,"href":"https:\/\/comunicaciones.udd.cl\/ceca\/wp-json\/wp\/v2\/comments?post=84"}],"version-history":[{"count":46,"href":"https:\/\/comunicaciones.udd.cl\/ceca\/wp-json\/wp\/v2\/pages\/84\/revisions"}],"predecessor-version":[{"id":369,"href":"https:\/\/comunicaciones.udd.cl\/ceca\/wp-json\/wp\/v2\/pages\/84\/revisions\/369"}],"wp:attachment":[{"href":"https:\/\/comunicaciones.udd.cl\/ceca\/wp-json\/wp\/v2\/media?parent=84"}],"curies":[{"name":"wp","href":"https:\/\/api.w.org\/{rel}","templated":true}]}}