{"id":401,"date":"2026-08-20T14:58:07","date_gmt":"2026-08-20T18:58:07","guid":{"rendered":"https:\/\/comunicaciones.udd.cl\/ceca\/?page_id=401"},"modified":"2026-08-26T12:01:34","modified_gmt":"2026-08-26T16:01:34","slug":"cnv-ch","status":"publish","type":"page","link":"https:\/\/comunicaciones.udd.cl\/ceca\/cnv-ch\/","title":{"rendered":"CNV CH"},"content":{"rendered":"\n<p>Desarrollado por acad\u00e9micas de la\u00a0<a href=\"https:\/\/comunicaciones.udd.cl\/\">Facultad de Comunicaciones<\/a>\u00a0y apoyado por el<a href=\"https:\/\/ciled.udd.cl\/\">\u00a0Centro de Innovaci\u00f3n en Liderazgo Educativo<\/a>\u00a0de la Universidad del Desarrollo, el estudio se aplic\u00f3 a 1.797 escolares de la Regi\u00f3n Metropolitana y valid\u00f3 un instrumento para diagnosticar actitudes hacia la Comunicaci\u00f3n No Violenta.<\/p>\n\n\n\n<p>Observar sin juzgar, reconocer lo que se siente, identificar lo que se necesita y formular una petici\u00f3n clara. Esas son las cuatro habilidades que propone la&nbsp;<strong>Comunicaci\u00f3n No Violenta (CNV)<\/strong>, modelo desarrollado por el psic\u00f3logo estadounidense&nbsp;<strong>Marshall Rosenberg<\/strong>.<\/p>\n\n\n\n<p>En esta premisa se basa el proyecto \u201c<strong>Validaci\u00f3n de un instrumento de actitud hacia la Comunicaci\u00f3n No Violenta en TP en Chile<\/strong>\u201d, desarrollado por&nbsp;<strong>Mar\u00eda Jos\u00e9 Labrador<\/strong>, directora del&nbsp;<strong>Centro de Estudios de Comunicaci\u00f3n Aplicada<\/strong>, y&nbsp;<strong>Mar\u00eda Cristina Silva<\/strong>, directora de Aseguramiento de la Calidad, ambas acad\u00e9micas de la Facultad de Comunicaciones de la&nbsp;<strong>Universidad del Desarrollo<\/strong>.<\/p>\n\n\n\n<p>La investigaci\u00f3n fue apoyada por el&nbsp;<strong>Centro de Innovaci\u00f3n en Liderazgo Educativo de la Universidad del Desarrollo (CILED-UDD)<\/strong>&nbsp;y busca aportar a la mejora de la&nbsp;<strong>convivencia escolar<\/strong>&nbsp;mediante una herramienta que permita conocer c\u00f3mo se relacionan los estudiantes con este tipo de comunicaci\u00f3n.<\/p>\n\n\n\n<p>\u201cDado los crecientes casos de violencia escolar pospandemia en Chile, dise\u00f1amos y elaboramos un instrumento de diagn\u00f3stico de actitud hacia la CNV, que aplicamos a 1.797 escolares de la Regi\u00f3n Metropolitana. Pudimos comprobar la validez y confiabilidad del instrumento y contar con un valioso diagn\u00f3stico sobre la actitud de nuestros escolares hacia este tipo de comunicaci\u00f3n compasiva\u201d, explica Labrador.<\/p>\n\n\n\n<p>La investigaci\u00f3n da continuidad a un&nbsp;<a href=\"https:\/\/liderainnovar.udd.cl\/2023\/06\/01\/estudio-revela-clara-debilidad-de-los-escolares-para-formular-peticiones\/\">piloto realizado en 2023<\/a>&nbsp;en un establecimiento de San Ram\u00f3n, con 1.102 estudiantes. Esa primera etapa evidenci\u00f3 una dificultad especialmente relevante: aunque los estudiantes mostraban mayor fortaleza para identificar sus deseos y necesidades, presentaban una clara debilidad al momento de formular peticiones.<\/p>\n\n\n\n<p>El hallazgo permiti\u00f3 profundizar en una pregunta clave para la&nbsp;<strong>convivencia escolar<\/strong>: \u00bfc\u00f3mo expresar una necesidad o plantear aquello que se quiere cambiar sin recurrir al juicio, la acusaci\u00f3n o la violencia?<\/p>\n\n\n\n<p>En este sentido, la&nbsp;<strong>CNV<\/strong>&nbsp;propone un camino que parte por observar una situaci\u00f3n sin evaluaciones, reconocer los sentimientos involucrados, identificar las necesidades y, finalmente, realizar una petici\u00f3n concreta. La validaci\u00f3n del instrumento abre la posibilidad de que los&nbsp;<strong>establecimientos t\u00e9cnico-profesionales<\/strong>&nbsp;cuenten con un diagn\u00f3stico para orientar acciones y desarrollar estrategias pertinentes a las necesidades de sus comunidades educativas.<\/p>\n\n\n\n<p>Silva present\u00f3 el trabajo en el&nbsp;<strong>VIII Congreso Internacional de Competencias Medi\u00e1ticas de la Red Alfamed<\/strong>, realizado entre el 23 y el 25 de junio de 2026 en M\u00e9rida, Yucat\u00e1n, M\u00e9xico. El encuentro re\u00fane a investigadores e investigadoras de distintos pa\u00edses iberoamericanos para intercambiar conocimientos y experiencias en torno a la educaci\u00f3n medi\u00e1tica. La investigaci\u00f3n tambi\u00e9n fue publicada en el libro del Congreso, de acceso abierto.<\/p>\n\n\n\n<p>\u201cNuestro trabajo tuvo una excelente acogida en el VIII Congreso Internacional de Competencias Medi\u00e1ticas de la Red Alfamed. Acad\u00e9micos de distintos lugares del mundo se interesaron por el instrumento y nos invitaron a dialogar con ellos sobre posibles mejoras y posibilidades de escalamiento\u201d, se\u00f1ala Silva.<\/p>\n\n\n\n<p>El pr\u00f3ximo paso del equipo es aplicar el instrumento a&nbsp;<strong>escolares de todo Chile<\/strong>, con el prop\u00f3sito de contar con un diagn\u00f3stico nacional que permita impulsar acciones estrat\u00e9gicas para promover una comunicaci\u00f3n m\u00e1s respetuosa y compasiva en las comunidades educativas.<\/p>\n\n\n\n<p>Y la proyecci\u00f3n no termina ah\u00ed. \u201cSi de so\u00f1ar se trata, queremos aplicar nuestro instrumento en otros pa\u00edses de Latinoam\u00e9rica para que nuestra cruzada por la comunicaci\u00f3n compasiva sea sostenible\u201d, plantean las investigadoras.<\/p>\n\n\n\n<p>Revisa el\u00a0<a href=\"https:\/\/liderainnovar.udd.cl\/recursos_ciled\/validacion-de-un-instrumento-de-actitud-hacia-la-comunicacion-no-violenta-en-tp-en-chile\/\">recurso asociado a la investigaci\u00f3n<\/a>, que re\u00fane un video explicativo sobre\u00a0<strong>CNV<\/strong>\u00a0y el cap\u00edtulo \u201cValidaci\u00f3n de un instrumento de actitud hacia la Comunicaci\u00f3n No Violenta en TP en Chile\u201d, publicado en el libro del Congreso Alfamed y disponible en acceso abierto.<\/p>\n\n\n\n<p><\/p>\n\n\n<p class=\"wp-block-udd-button text-center\"><a class=\"btn btn-primary \" href=\"https:\/\/www.youtube.com\/watch?v=udc8BsRu-OE\" data-url=\"https:\/\/www.youtube.com\/watch?v=udc8BsRu-OE\"><svg class=\"svg-external-dims\"><use xlink:href='https:\/\/comunicaciones.udd.cl\/ceca\/wp-content\/themes\/facultades-2018\/assets\/img\/svg\/dist\/main.svg?version=1695853099#external'><\/use><\/svg> Revisa el video aqu\u00ed <\/a><\/p>\n\n\n<p class=\"wp-block-udd-button text-center\"><a class=\"btn btn-primary \" href=\"https:\/\/www.grupocomunicar.com\/pdf\/redes-sociales-y-ciudadania-2026.pdf\" data-url=\"https:\/\/www.grupocomunicar.com\/pdf\/redes-sociales-y-ciudadania-2026.pdf\"><svg class=\"svg-download-dims\"><use xlink:href='https:\/\/comunicaciones.udd.cl\/ceca\/wp-content\/themes\/facultades-2018\/assets\/img\/svg\/dist\/main.svg?version=1695853099#download'><\/use><\/svg> Revisa el libro aqu\u00ed <\/a><\/p>\n\n\n\n<figure class=\"wp-block-gallery has-nested-images columns-default is-cropped wp-block-gallery-1 is-layout-flex wp-block-gallery-is-layout-flex\">\n<figure class=\"wp-block-image size-large\"><img loading=\"lazy\" decoding=\"async\" width=\"1024\" height=\"768\" data-id=\"410\" src=\"https:\/\/comunicaciones.udd.cl\/ceca\/files\/2026\/08\/2-1024x768-1.jpg\" alt=\"comunicacion no violenta 3\" class=\"wp-image-410\" srcset=\"https:\/\/comunicaciones.udd.cl\/ceca\/files\/2026\/08\/2-1024x768-1.jpg 1024w, https:\/\/comunicaciones.udd.cl\/ceca\/files\/2026\/08\/2-1024x768-1-300x225.jpg 300w, https:\/\/comunicaciones.udd.cl\/ceca\/files\/2026\/08\/2-1024x768-1-768x576.jpg 768w\" sizes=\"auto, (max-width: 1024px) 100vw, 1024px\" \/><\/figure>\n\n\n\n<figure class=\"wp-block-image size-large\"><img loading=\"lazy\" decoding=\"async\" width=\"1024\" height=\"768\" data-id=\"409\" src=\"https:\/\/comunicaciones.udd.cl\/ceca\/files\/2026\/08\/4-1024x768-1.jpg\" alt=\"comunicacion no violenta 2\" class=\"wp-image-409\" srcset=\"https:\/\/comunicaciones.udd.cl\/ceca\/files\/2026\/08\/4-1024x768-1.jpg 1024w, https:\/\/comunicaciones.udd.cl\/ceca\/files\/2026\/08\/4-1024x768-1-300x225.jpg 300w, https:\/\/comunicaciones.udd.cl\/ceca\/files\/2026\/08\/4-1024x768-1-768x576.jpg 768w\" sizes=\"auto, (max-width: 1024px) 100vw, 1024px\" \/><\/figure>\n\n\n\n<figure class=\"wp-block-image size-large\"><img loading=\"lazy\" decoding=\"async\" width=\"768\" height=\"1024\" data-id=\"408\" src=\"https:\/\/comunicaciones.udd.cl\/ceca\/files\/2026\/08\/10-768x1024-1.jpeg\" alt=\"comunicacion no violenta\" class=\"wp-image-408\" srcset=\"https:\/\/comunicaciones.udd.cl\/ceca\/files\/2026\/08\/10-768x1024-1.jpeg 768w, https:\/\/comunicaciones.udd.cl\/ceca\/files\/2026\/08\/10-768x1024-1-225x300.jpeg 225w\" sizes=\"auto, (max-width: 768px) 100vw, 768px\" \/><\/figure>\n<\/figure>\n","protected":false},"excerpt":{"rendered":"<p>Desarrollado por acad\u00e9micas de la\u00a0Facultad de Comunicaciones\u00a0y apoyado por el\u00a0Centro de Innovaci\u00f3n en Liderazgo Educativo\u00a0de la Universidad del Desarrollo, el estudio se aplic\u00f3 a 1.797 escolares de la Regi\u00f3n Metropolitana y valid\u00f3 un instrumento para diagnosticar actitudes hacia la Comunicaci\u00f3n No Violenta. Observar sin juzgar, reconocer lo que se siente, identificar lo que se necesita [&hellip;]<\/p>\n","protected":false},"author":9192258,"featured_media":408,"parent":0,"menu_order":0,"comment_status":"closed","ping_status":"closed","template":"","meta":{"footnotes":""},"class_list":["post-401","page","type-page","status-publish","has-post-thumbnail","hentry"],"yoast_head":"<!-- This site is optimized with the Yoast SEO plugin v26.9 - https:\/\/yoast.com\/product\/yoast-seo-wordpress\/ -->\n<title>CNV CH - CECA - Facultad de Comunicaciones UDD<\/title>\n<meta name=\"robots\" content=\"index, follow, max-snippet:-1, max-image-preview:large, max-video-preview:-1\" \/>\n<link rel=\"canonical\" href=\"https:\/\/comunicaciones.udd.cl\/ceca\/cnv-ch\/\" \/>\n<meta property=\"og:locale\" content=\"es_ES\" \/>\n<meta property=\"og:type\" content=\"article\" \/>\n<meta property=\"og:title\" content=\"CNV CH - CECA - Facultad de Comunicaciones UDD\" \/>\n<meta property=\"og:description\" content=\"Desarrollado por acad\u00e9micas de la\u00a0Facultad de Comunicaciones\u00a0y apoyado por el\u00a0Centro de Innovaci\u00f3n en Liderazgo Educativo\u00a0de la Universidad del Desarrollo, el estudio se aplic\u00f3 a 1.797 escolares de la Regi\u00f3n Metropolitana y valid\u00f3 un instrumento para diagnosticar actitudes hacia la Comunicaci\u00f3n No Violenta. Observar sin juzgar, reconocer lo que se siente, identificar lo que se necesita [&hellip;]\" \/>\n<meta property=\"og:url\" content=\"https:\/\/comunicaciones.udd.cl\/ceca\/cnv-ch\/\" \/>\n<meta property=\"og:site_name\" content=\"CECA - Facultad de Comunicaciones UDD\" \/>\n<meta property=\"article:modified_time\" content=\"2026-08-26T16:01:34+00:00\" \/>\n<meta property=\"og:image\" content=\"https:\/\/comunicaciones.udd.cl\/ceca\/files\/2026\/08\/10-768x1024-1.jpeg\" \/>\n\t<meta property=\"og:image:width\" content=\"768\" \/>\n\t<meta property=\"og:image:height\" content=\"1024\" \/>\n\t<meta property=\"og:image:type\" content=\"image\/jpeg\" \/>\n<meta name=\"twitter:card\" content=\"summary_large_image\" \/>\n<meta name=\"twitter:label1\" content=\"Tiempo de lectura\" \/>\n\t<meta name=\"twitter:data1\" content=\"4 minutos\" \/>\n<script type=\"application\/ld+json\" class=\"yoast-schema-graph\">{\"@context\":\"https:\/\/schema.org\",\"@graph\":[{\"@type\":\"WebPage\",\"@id\":\"https:\/\/comunicaciones.udd.cl\/ceca\/cnv-ch\/\",\"url\":\"https:\/\/comunicaciones.udd.cl\/ceca\/cnv-ch\/\",\"name\":\"CNV CH - CECA - Facultad de Comunicaciones UDD\",\"isPartOf\":{\"@id\":\"https:\/\/comunicaciones.udd.cl\/ceca\/#website\"},\"primaryImageOfPage\":{\"@id\":\"https:\/\/comunicaciones.udd.cl\/ceca\/cnv-ch\/#primaryimage\"},\"image\":{\"@id\":\"https:\/\/comunicaciones.udd.cl\/ceca\/cnv-ch\/#primaryimage\"},\"thumbnailUrl\":\"https:\/\/comunicaciones.udd.cl\/ceca\/files\/2026\/08\/10-768x1024-1.jpeg\",\"datePublished\":\"2026-08-20T18:58:07+00:00\",\"dateModified\":\"2026-08-26T16:01:34+00:00\",\"breadcrumb\":{\"@id\":\"https:\/\/comunicaciones.udd.cl\/ceca\/cnv-ch\/#breadcrumb\"},\"inLanguage\":\"es\",\"potentialAction\":[{\"@type\":\"ReadAction\",\"target\":[\"https:\/\/comunicaciones.udd.cl\/ceca\/cnv-ch\/\"]}]},{\"@type\":\"ImageObject\",\"inLanguage\":\"es\",\"@id\":\"https:\/\/comunicaciones.udd.cl\/ceca\/cnv-ch\/#primaryimage\",\"url\":\"https:\/\/comunicaciones.udd.cl\/ceca\/files\/2026\/08\/10-768x1024-1.jpeg\",\"contentUrl\":\"https:\/\/comunicaciones.udd.cl\/ceca\/files\/2026\/08\/10-768x1024-1.jpeg\",\"width\":768,\"height\":1024,\"caption\":\"comunicacion no violenta\"},{\"@type\":\"BreadcrumbList\",\"@id\":\"https:\/\/comunicaciones.udd.cl\/ceca\/cnv-ch\/#breadcrumb\",\"itemListElement\":[{\"@type\":\"ListItem\",\"position\":1,\"name\":\"Portada\",\"item\":\"https:\/\/comunicaciones.udd.cl\/ceca\/\"},{\"@type\":\"ListItem\",\"position\":2,\"name\":\"CNV CH\"}]},{\"@type\":\"WebSite\",\"@id\":\"https:\/\/comunicaciones.udd.cl\/ceca\/#website\",\"url\":\"https:\/\/comunicaciones.udd.cl\/ceca\/\",\"name\":\"CECA - Facultad de Comunicaciones UDD\",\"description\":\"\",\"inLanguage\":\"es\"}]}<\/script>\n<!-- \/ Yoast SEO plugin. -->","yoast_head_json":{"title":"CNV CH - CECA - Facultad de Comunicaciones UDD","robots":{"index":"index","follow":"follow","max-snippet":"max-snippet:-1","max-image-preview":"max-image-preview:large","max-video-preview":"max-video-preview:-1"},"canonical":"https:\/\/comunicaciones.udd.cl\/ceca\/cnv-ch\/","og_locale":"es_ES","og_type":"article","og_title":"CNV CH - CECA - Facultad de Comunicaciones UDD","og_description":"Desarrollado por acad\u00e9micas de la\u00a0Facultad de Comunicaciones\u00a0y apoyado por el\u00a0Centro de Innovaci\u00f3n en Liderazgo Educativo\u00a0de la Universidad del Desarrollo, el estudio se aplic\u00f3 a 1.797 escolares de la Regi\u00f3n Metropolitana y valid\u00f3 un instrumento para diagnosticar actitudes hacia la Comunicaci\u00f3n No Violenta. Observar sin juzgar, reconocer lo que se siente, identificar lo que se necesita [&hellip;]","og_url":"https:\/\/comunicaciones.udd.cl\/ceca\/cnv-ch\/","og_site_name":"CECA - Facultad de Comunicaciones UDD","article_modified_time":"2026-08-26T16:01:34+00:00","og_image":[{"width":768,"height":1024,"url":"https:\/\/comunicaciones.udd.cl\/ceca\/files\/2026\/08\/10-768x1024-1.jpeg","type":"image\/jpeg"}],"twitter_card":"summary_large_image","twitter_misc":{"Tiempo de lectura":"4 minutos"},"schema":{"@context":"https:\/\/schema.org","@graph":[{"@type":"WebPage","@id":"https:\/\/comunicaciones.udd.cl\/ceca\/cnv-ch\/","url":"https:\/\/comunicaciones.udd.cl\/ceca\/cnv-ch\/","name":"CNV CH - CECA - Facultad de Comunicaciones UDD","isPartOf":{"@id":"https:\/\/comunicaciones.udd.cl\/ceca\/#website"},"primaryImageOfPage":{"@id":"https:\/\/comunicaciones.udd.cl\/ceca\/cnv-ch\/#primaryimage"},"image":{"@id":"https:\/\/comunicaciones.udd.cl\/ceca\/cnv-ch\/#primaryimage"},"thumbnailUrl":"https:\/\/comunicaciones.udd.cl\/ceca\/files\/2026\/08\/10-768x1024-1.jpeg","datePublished":"2026-08-20T18:58:07+00:00","dateModified":"2026-08-26T16:01:34+00:00","breadcrumb":{"@id":"https:\/\/comunicaciones.udd.cl\/ceca\/cnv-ch\/#breadcrumb"},"inLanguage":"es","potentialAction":[{"@type":"ReadAction","target":["https:\/\/comunicaciones.udd.cl\/ceca\/cnv-ch\/"]}]},{"@type":"ImageObject","inLanguage":"es","@id":"https:\/\/comunicaciones.udd.cl\/ceca\/cnv-ch\/#primaryimage","url":"https:\/\/comunicaciones.udd.cl\/ceca\/files\/2026\/08\/10-768x1024-1.jpeg","contentUrl":"https:\/\/comunicaciones.udd.cl\/ceca\/files\/2026\/08\/10-768x1024-1.jpeg","width":768,"height":1024,"caption":"comunicacion no violenta"},{"@type":"BreadcrumbList","@id":"https:\/\/comunicaciones.udd.cl\/ceca\/cnv-ch\/#breadcrumb","itemListElement":[{"@type":"ListItem","position":1,"name":"Portada","item":"https:\/\/comunicaciones.udd.cl\/ceca\/"},{"@type":"ListItem","position":2,"name":"CNV CH"}]},{"@type":"WebSite","@id":"https:\/\/comunicaciones.udd.cl\/ceca\/#website","url":"https:\/\/comunicaciones.udd.cl\/ceca\/","name":"CECA - Facultad de Comunicaciones UDD","description":"","inLanguage":"es"}]}},"_links":{"self":[{"href":"https:\/\/comunicaciones.udd.cl\/ceca\/wp-json\/wp\/v2\/pages\/401","targetHints":{"allow":["GET"]}}],"collection":[{"href":"https:\/\/comunicaciones.udd.cl\/ceca\/wp-json\/wp\/v2\/pages"}],"about":[{"href":"https:\/\/comunicaciones.udd.cl\/ceca\/wp-json\/wp\/v2\/types\/page"}],"author":[{"embeddable":true,"href":"https:\/\/comunicaciones.udd.cl\/ceca\/wp-json\/wp\/v2\/users\/9192258"}],"replies":[{"embeddable":true,"href":"https:\/\/comunicaciones.udd.cl\/ceca\/wp-json\/wp\/v2\/comments?post=401"}],"version-history":[{"count":2,"href":"https:\/\/comunicaciones.udd.cl\/ceca\/wp-json\/wp\/v2\/pages\/401\/revisions"}],"predecessor-version":[{"id":411,"href":"https:\/\/comunicaciones.udd.cl\/ceca\/wp-json\/wp\/v2\/pages\/401\/revisions\/411"}],"wp:featuredmedia":[{"embeddable":true,"href":"https:\/\/comunicaciones.udd.cl\/ceca\/wp-json\/wp\/v2\/media\/408"}],"wp:attachment":[{"href":"https:\/\/comunicaciones.udd.cl\/ceca\/wp-json\/wp\/v2\/media?parent=401"}],"curies":[{"name":"wp","href":"https:\/\/api.w.org\/{rel}","templated":true}]}}