{"id":107,"date":"2025-03-10T02:23:39","date_gmt":"2025-03-10T05:23:39","guid":{"rendered":"https:\/\/comunicaciones.udd.cl\/ceca\/?page_id=107"},"modified":"2025-11-21T09:58:35","modified_gmt":"2025-11-21T12:58:35","slug":"publicaciones-impresas","status":"publish","type":"page","link":"https:\/\/comunicaciones.udd.cl\/ceca\/publicaciones-impresas\/","title":{"rendered":"Publicaciones"},"content":{"rendered":"<!-- WP Block: UDD - Cards Alternate -->\n<section class=\"wp-block-udd-access-cards\">\n\t<div class=\"container\">\n\t\t\t\t<header class=\"block__header\">\n\t\t\t<h2 class=\"block__title\">2025<\/h2>\n\t\t\t\t\t<\/header>\n\t\t\t\t<div class=\"block__content\">\n\t\t\t<div class=\"access-cards\">\n\t\t\t\t\t\t\t<div class=\"access-card-wrapper\">\n\t\t\t\t\t\t\t\t\t\t<div class=\"access-card\">\n\t\t\t\t\t\t<h3 class=\"access-card__title\">An\u00e1lisis comparativo de la desinformaci\u00f3n verificada por plataformas de chequeo durante los plebiscitos constituyentes 2022 y 2023 en Chile<\/h3>\n\t\t\t\t\t\t<p class=\"access-card__description\">\n\t\t\t\t\t\t\tLabrador, M. Sibrian, N. Jaramillo, O. (2025)\t\t\t\t\t\t<\/p>\n\t\t\t\t\t\t\t\t\t\t\t\t\t\t\t\t\t\t<div class=\"access-card__link\">\n\t\t\t\t\t\t\t\t<a href=\"https:\/\/comunicaciones.udd.cl\/files\/2025\/09\/4700.pdf\" class=\"access-card__link-text\" data-url=\"https:\/\/comunicaciones.udd.cl\/files\/2025\/09\/4700.pdf\">PDF<\/a>\n\t\t\t\t\t\t\t<\/div>\n\t\t\t\t\t\t\t\t\t\t\t<\/div>\n\t\t\t\t<\/div>\n\t\t\t\t\t\t\t<div class=\"access-card-wrapper\">\n\t\t\t\t\t\t\t\t\t\t<div class=\"access-card\">\n\t\t\t\t\t\t<h3 class=\"access-card__title\">Cap\u00edtulo de Libro Desinformaci\u00f3n, redes sociales y regulaci\u00f3n: Estudio a partir del plebiscito del segundo proceso constitucional chileno en diciembre de 2023.<\/h3>\n\t\t\t\t\t\t<p class=\"access-card__description\">\n\t\t\t\t\t\t\tGuti\u00e9rrez, F., Labrador, M. J., y\u00a0 Sibrian, N. (2025). Desinformaci\u00f3n, redes sociales y regulaci\u00f3n: Estudio a partir del plebiscito del segundo proceso constitucional chileno en diciembre de 2023. En Alcalde, C. (Ed.),\u00a0<strong>Actas de las Primeras Jornadas Latinoamericanas de Derecho y Tecnolog\u00eda<\/strong>\u00a0(pp.207-239). Tirant Lo Blanch. Chile.\t\t\t\t\t\t<\/p>\n\t\t\t\t\t\t\t\t\t\t\t\t\t\t\t\t\t\t<div class=\"access-card__link\">\n\t\t\t\t\t\t\t\t<a href=\"https:\/\/editorial.tirant.com\/cl\/libro\/actas-de-las-primeras-jornadas-latinoamericanas-de-derecho-y-tecnologia-chile-3-y-4-de-septiembre-de-2024-maria-cecilia-alcalde-prieto-9791370106942\" class=\"access-card__link-text\" data-url=\"https:\/\/editorial.tirant.com\/cl\/libro\/actas-de-las-primeras-jornadas-latinoamericanas-de-derecho-y-tecnologia-chile-3-y-4-de-septiembre-de-2024-maria-cecilia-alcalde-prieto-9791370106942\">Enlace<\/a>\n\t\t\t\t\t\t\t<\/div>\n\t\t\t\t\t\t\t\t\t\t\t<\/div>\n\t\t\t\t<\/div>\n\t\t\t\t\t\t\t<div class=\"access-card-wrapper\">\n\t\t\t\t\t\t\t\t\t\t<div class=\"access-card\">\n\t\t\t\t\t\t<h3 class=\"access-card__title\"><\/h3>\n\t\t\t\t\t\t<p class=\"access-card__description\">\n\t\t\t\t\t\t\t\t\t\t\t\t\t<\/p>\n\t\t\t\t\t\t\t\t\t\t\t\t\t\t\t\t<\/div>\n\t\t\t\t<\/div>\n\t\t\t\t\t\t\t<div class=\"access-card-wrapper\">\n\t\t\t\t\t\t\t\t\t\t<div class=\"access-card\">\n\t\t\t\t\t\t<h3 class=\"access-card__title\"><\/h3>\n\t\t\t\t\t\t<p class=\"access-card__description\">\n\t\t\t\t\t\t\t\t\t\t\t\t\t<\/p>\n\t\t\t\t\t\t\t\t\t\t\t\t\t\t\t\t<\/div>\n\t\t\t\t<\/div>\n\t\t\t\t\t\t<\/div>\n\t\t<\/div>\n\t<\/div>\n<\/section>\n\n\n<!-- WP Block: UDD - Cards Alternate -->\n<section class=\"wp-block-udd-access-cards\">\n\t<div class=\"container\">\n\t\t\t\t<header class=\"block__header\">\n\t\t\t<h2 class=\"block__title\">2024<\/h2>\n\t\t\t\t\t<\/header>\n\t\t\t\t<div class=\"block__content\">\n\t\t\t<div class=\"access-cards\">\n\t\t\t\t\t\t\t<div class=\"access-card-wrapper\">\n\t\t\t\t\t\t\t\t\t\t<div class=\"access-card\">\n\t\t\t\t\t\t<h3 class=\"access-card__title\">Evitaci\u00f3n medi\u00e1tica en respuesta al ciberodio hacia personas migrantes en Chile.<\/h3>\n\t\t\t\t\t\t<p class=\"access-card__description\">\n\t\t\t\t\t\t\tSibrian, Nairbis, Amaranta Alfaro, Juan Carlos N\u00fa\u00f1ez y Z\u00fa\u00f1iga, V. (2024).\t\t\t\t\t\t<\/p>\n\t\t\t\t\t\t\t\t\t\t\t\t\t\t\t\t\t\t<div class=\"access-card__link\">\n\t\t\t\t\t\t\t\t<a href=\"https:\/\/comunicaciones.udd.cl\/files\/2025\/10\/1645_evitacionmediatica_ma_ok.pdf\" class=\"access-card__link-text\" data-url=\"https:\/\/comunicaciones.udd.cl\/files\/2025\/10\/1645_evitacionmediatica_ma_ok.pdf\">PDF<\/a>\n\t\t\t\t\t\t\t<\/div>\n\t\t\t\t\t\t\t\t\t\t\t<\/div>\n\t\t\t\t<\/div>\n\t\t\t\t\t\t\t<div class=\"access-card-wrapper\">\n\t\t\t\t\t\t\t\t\t\t<div class=\"access-card\">\n\t\t\t\t\t\t<h3 class=\"access-card__title\">The Visibility of Women Experts in the Chilean Press During COVID-19.<\/h3>\n\t\t\t\t\t\t<p class=\"access-card__description\">\n\t\t\t\t\t\t\tReyes, C. Vernal, T. (2024)\t\t\t\t\t\t<\/p>\n\t\t\t\t\t\t\t\t\t\t\t\t\t\t\t\t\t\t<div class=\"access-card__link\">\n\t\t\t\t\t\t\t\t<a href=\"https:\/\/comunicaciones.udd.cl\/files\/2024\/11\/vernal-vilicic-reyes-betanzo-2024-the-visibility-of-women-experts-in-the-chilean-press-during-covid-19.pdf\" class=\"access-card__link-text\" data-url=\"https:\/\/comunicaciones.udd.cl\/files\/2024\/11\/vernal-vilicic-reyes-betanzo-2024-the-visibility-of-women-experts-in-the-chilean-press-during-covid-19.pdf\">PDF<\/a>\n\t\t\t\t\t\t\t<\/div>\n\t\t\t\t\t\t\t\t\t\t\t<\/div>\n\t\t\t\t<\/div>\n\t\t\t\t\t\t\t<div class=\"access-card-wrapper\">\n\t\t\t\t\t\t\t\t\t\t<div class=\"access-card\">\n\t\t\t\t\t\t<h3 class=\"access-card__title\">Desaf\u00edos en la ense\u00f1anza del periodismo: autopercepci\u00f3n de competencias medi\u00e1ticas en profesores de universidades chilenas.<\/h3>\n\t\t\t\t\t\t<p class=\"access-card__description\">\n\t\t\t\t\t\t\tSibrian, N., Maureira, P. L., Reyes Betanzo, C, X., Lazcano-Pe\u00f1a, D., Alfaro, A., &amp;Z\u00fa\u00f1iga, V. (2024). \t\t\t\t\t\t<\/p>\n\t\t\t\t\t\t\t\t\t\t\t\t\t\t\t\t\t\t<div class=\"access-card__link\">\n\t\t\t\t\t\t\t\t<a href=\"https:\/\/comunicaciones.udd.cl\/files\/2025\/10\/18-1_disertaciones14248sibrian.pdf\" class=\"access-card__link-text\" data-url=\"https:\/\/comunicaciones.udd.cl\/files\/2025\/10\/18-1_disertaciones14248sibrian.pdf\">PDF<\/a>\n\t\t\t\t\t\t\t<\/div>\n\t\t\t\t\t\t\t\t\t\t\t<\/div>\n\t\t\t\t<\/div>\n\t\t\t\t\t\t\t<div class=\"access-card-wrapper\">\n\t\t\t\t\t\t\t\t\t\t<div class=\"access-card\">\n\t\t\t\t\t\t<h3 class=\"access-card__title\">Diferencias de g\u00e9nero y percepci\u00f3n de desinformaci\u00f3n en el consumo informativo de comunidades migrantes en Chile.<\/h3>\n\t\t\t\t\t\t<p class=\"access-card__description\">\n\t\t\t\t\t\t\tSibrian, N., &amp;Villafa\u00f1e N\u00fa\u00f1ez, J. (2024).\t\t\t\t\t\t<\/p>\n\t\t\t\t\t\t\t\t\t\t\t\t\t\t\t\t\t\t<div class=\"access-card__link\">\n\t\t\t\t\t\t\t\t<a href=\"https:\/\/comunicaciones.udd.cl\/files\/2025\/10\/4098.pdf\" class=\"access-card__link-text\" data-url=\"https:\/\/comunicaciones.udd.cl\/files\/2025\/10\/4098.pdf\">PDF<\/a>\n\t\t\t\t\t\t\t<\/div>\n\t\t\t\t\t\t\t\t\t\t\t<\/div>\n\t\t\t\t<\/div>\n\t\t\t\t\t\t<\/div>\n\t\t<\/div>\n\t<\/div>\n<\/section>\n\n\n<!-- WP Block: UDD - Cards Alternate -->\n<section class=\"wp-block-udd-access-cards\">\n\t<div class=\"container\">\n\t\t\t\t<div class=\"block__content\">\n\t\t\t<div class=\"access-cards\">\n\t\t\t\t\t\t\t<div class=\"access-card-wrapper\">\n\t\t\t\t\t\t\t\t\t\t<div class=\"access-card\">\n\t\t\t\t\t\t<h3 class=\"access-card__title\">Validaci\u00f3n de instrumento sobre exposici\u00f3n a discursos de odio de comunidades migrantes en el ecosistema medi\u00e1tico chileno: resultados preliminares<\/h3>\n\t\t\t\t\t\t<p class=\"access-card__description\">\n\t\t\t\t\t\t\tSibrian, Nairbis, Amaranta Alfaro, y Juan Carlos N\u00fa\u00f1ez. (2024).\t\t\t\t\t\t<\/p>\n\t\t\t\t\t\t\t\t\t\t\t\t\t\t\t\t\t\t<div class=\"access-card__link\">\n\t\t\t\t\t\t\t\t<a href=\"https:\/\/comunicaciones.udd.cl\/ceca\/files\/2025\/03\/2226_validaciondeinstrumentosobreexposicion-1.pdf\" class=\"access-card__link-text\" data-url=\"https:\/\/comunicaciones.udd.cl\/ceca\/files\/2025\/03\/2226_validaciondeinstrumentosobreexposicion-1.pdf\">PDF<\/a>\n\t\t\t\t\t\t\t<\/div>\n\t\t\t\t\t\t\t\t\t\t\t<\/div>\n\t\t\t\t<\/div>\n\t\t\t\t\t\t\t<div class=\"access-card-wrapper\">\n\t\t\t\t\t\t\t\t\t\t<div class=\"access-card\">\n\t\t\t\t\t\t<h3 class=\"access-card__title\">Liderazgo y transformaci\u00f3n en la Comunicaci\u00f3n estrat\u00e9gica, marketing y negocios.<\/h3>\n\t\t\t\t\t\t<p class=\"access-card__description\">\n\t\t\t\t\t\t\tLabrador, MJ, Rodr\u00edguez, A. y Betzhold, J. (Coordinadores) (2024).\t\t\t\t\t\t<\/p>\n\t\t\t\t\t\t\t\t\t\t\t\t\t\t\t\t\t\t<div class=\"access-card__link\">\n\t\t\t\t\t\t\t\t<a href=\"https:\/\/rileditores.com\/producto\/liderazgo-y-transformacion-en-la-comunicacion-estrategica-marketing-y-negocios\/\" class=\"access-card__link-text\" data-url=\"https:\/\/rileditores.com\/producto\/liderazgo-y-transformacion-en-la-comunicacion-estrategica-marketing-y-negocios\/\">PDF<\/a>\n\t\t\t\t\t\t\t<\/div>\n\t\t\t\t\t\t\t\t\t\t\t<\/div>\n\t\t\t\t<\/div>\n\t\t\t\t\t\t\t<div class=\"access-card-wrapper\">\n\t\t\t\t\t\t\t\t\t\t<div class=\"access-card\">\n\t\t\t\t\t\t<h3 class=\"access-card__title\">Cap\u00edtulo de libro Desinformaci\u00f3n y Marcos Regulatorios en Am\u00e9rica Latina. Desaf\u00edos en torno a discursos de odio, eliminaci\u00f3n masiva de datos y derecho al olvido pp.139.155, en libro Democracia Y Desinformaci\u00f3n. Nuevas formas de polarizaci\u00f3n, discursos de odio y campa\u00f1as en redes. Respuestas regulatorias de Europa y Am\u00e9rica Latina<\/h3>\n\t\t\t\t\t\t<p class=\"access-card__description\">\n\t\t\t\t\t\t\tSibrian y Labrador (2024).\t\t\t\t\t\t<\/p>\n\t\t\t\t\t\t\t\t\t\t\t\t\t\t\t\t\t\t<div class=\"access-card__link\">\n\t\t\t\t\t\t\t\t<a href=\"https:\/\/www.dykinson.com\/libros\/democracia-y-desinformacion\/9788411709484\/\" class=\"access-card__link-text\" data-url=\"https:\/\/www.dykinson.com\/libros\/democracia-y-desinformacion\/9788411709484\/\">PDF<\/a>\n\t\t\t\t\t\t\t<\/div>\n\t\t\t\t\t\t\t\t\t\t\t<\/div>\n\t\t\t\t<\/div>\n\t\t\t\t\t\t\t<div class=\"access-card-wrapper\">\n\t\t\t\t\t\t\t\t\t\t<div class=\"access-card\">\n\t\t\t\t\t\t<h3 class=\"access-card__title\">Cap\u00edtulo de libro \u00abDesinformaci\u00f3n y metodolog\u00edas de verificaci\u00f3n de datos aplicadas por plataformas electorales en Chile en el a\u00f1o 2022\u00bb en Libro Informar, comunicar y entretener hoy, ISBN 978-84-1381-794-1 colecci\u00f3n \u201cUniversidad y lectura\u201d<\/h3>\n\t\t\t\t\t\t<p class=\"access-card__description\">\n\t\t\t\t\t\t\tLabrador, M,Sibrian, N. y Ru\u00edz, M. (2024).\t\t\t\t\t\t<\/p>\n\t\t\t\t\t\t\t\t\t\t\t\t\t\t\t\t\t\t<div class=\"access-card__link\">\n\t\t\t\t\t\t\t\t<a href=\"https:\/\/www.dykinson.com\/libros\/informar-comunicar-y-entretener-hoy\/9788413817941\/\" class=\"access-card__link-text\" data-url=\"https:\/\/www.dykinson.com\/libros\/informar-comunicar-y-entretener-hoy\/9788413817941\/\">PDF<\/a>\n\t\t\t\t\t\t\t<\/div>\n\t\t\t\t\t\t\t\t\t\t\t<\/div>\n\t\t\t\t<\/div>\n\t\t\t\t\t\t<\/div>\n\t\t<\/div>\n\t<\/div>\n<\/section>\n\n\n<!-- WP Block: UDD - Cards Alternate -->\n<section class=\"wp-block-udd-access-cards\">\n\t<div class=\"container\">\n\t\t\t\t<header class=\"block__header\">\n\t\t\t<h2 class=\"block__title\">2023<\/h2>\n\t\t\t\t\t<\/header>\n\t\t\t\t<div class=\"block__content\">\n\t\t\t<div class=\"access-cards\">\n\t\t\t\t\t\t\t<div class=\"access-card-wrapper\">\n\t\t\t\t\t\t\t\t\t\t<div class=\"access-card\">\n\t\t\t\t\t\t<h3 class=\"access-card__title\">Mujeres. An\u00e1lisis emocional en la ficci\u00f3n seriada multiplataforma<\/h3>\n\t\t\t\t\t\t<p class=\"access-card__description\">\n\t\t\t\t\t\t\tLabrador, MJ Arrojo, MJ, Mart\u00edn, M, Romano, C, Nicol\u00e1s, M, y Vidal, C. (2023).\t\t\t\t\t\t<\/p>\n\t\t\t\t\t\t\t\t\t\t\t\t\t\t\t\t\t\t<div class=\"access-card__link\">\n\t\t\t\t\t\t\t\t<a href=\"https:\/\/editorial.tirant.com\/cl\/ebook\/mujeres-analisis-emocional-en-la-ficcion-seriada-multiplataforma-maria-jose-labrador-9788419376985\" class=\"access-card__link-text\" data-url=\"https:\/\/editorial.tirant.com\/cl\/ebook\/mujeres-analisis-emocional-en-la-ficcion-seriada-multiplataforma-maria-jose-labrador-9788419376985\">PDF<\/a>\n\t\t\t\t\t\t\t<\/div>\n\t\t\t\t\t\t\t\t\t\t\t<\/div>\n\t\t\t\t<\/div>\n\t\t\t\t\t\t\t<div class=\"access-card-wrapper\">\n\t\t\t\t\t\t\t\t\t\t<div class=\"access-card\">\n\t\t\t\t\t\t<h3 class=\"access-card__title\">Rese\u00f1a de libro: Mujeres. An\u00e1lisis emocional en la ficci\u00f3n seriada multiplataforma.<\/h3>\n\t\t\t\t\t\t<p class=\"access-card__description\">\n\t\t\t\t\t\t\tLabrador, MJ Arrojo, MJ, Mart\u00edn, M, Romano, C, Nicol\u00e1s, M, y Vidal, C. (2023).\t\t\t\t\t\t<\/p>\n\t\t\t\t\t\t\t\t\t\t\t\t\t\t\t\t\t\t<div class=\"access-card__link\">\n\t\t\t\t\t\t\t\t<a href=\"https:\/\/personaysociedad.uahurtado.cl\/index.php\/ps\/article\/view\/414\" class=\"access-card__link-text\" data-url=\"https:\/\/personaysociedad.uahurtado.cl\/index.php\/ps\/article\/view\/414\">PDF<\/a>\n\t\t\t\t\t\t\t<\/div>\n\t\t\t\t\t\t\t\t\t\t\t<\/div>\n\t\t\t\t<\/div>\n\t\t\t\t\t\t\t<div class=\"access-card-wrapper\">\n\t\t\t\t\t\t\t\t\t\t<div class=\"access-card\">\n\t\t\t\t\t\t<h3 class=\"access-card__title\">Pluralismo en la televisi\u00f3n y radiodifusi\u00f3n chilena frente a la definici\u00f3n del mercado relevante<\/h3>\n\t\t\t\t\t\t<p class=\"access-card__description\">\n\t\t\t\t\t\t\tZ\u00e1rate Rojas, S., &amp; Labrador Blanes, M. J. (2023).\t\t\t\t\t\t<\/p>\n\t\t\t\t\t\t\t\t\t\t\t\t\t\t\t\t\t\t<div class=\"access-card__link\">\n\t\t\t\t\t\t\t\t<a href=\"https:\/\/comunicaciones.udd.cl\/ceca\/files\/2025\/03\/zarate.pdf\" class=\"access-card__link-text\" data-url=\"https:\/\/comunicaciones.udd.cl\/ceca\/files\/2025\/03\/zarate.pdf\">PDF<\/a>\n\t\t\t\t\t\t\t<\/div>\n\t\t\t\t\t\t\t\t\t\t\t<\/div>\n\t\t\t\t<\/div>\n\t\t\t\t\t\t\t<div class=\"access-card-wrapper\">\n\t\t\t\t\t\t\t\t\t\t<div class=\"access-card\">\n\t\t\t\t\t\t<h3 class=\"access-card__title\"><\/h3>\n\t\t\t\t\t\t<p class=\"access-card__description\">\n\t\t\t\t\t\t\t\t\t\t\t\t\t<\/p>\n\t\t\t\t\t\t\t\t\t\t\t\t\t\t\t\t<\/div>\n\t\t\t\t<\/div>\n\t\t\t\t\t\t<\/div>\n\t\t<\/div>\n\t<\/div>\n<\/section>\n\n\n<!-- WP Block: UDD - Cards Alternate -->\n<section class=\"wp-block-udd-access-cards\">\n\t<div class=\"container\">\n\t\t\t\t<div class=\"block__content\">\n\t\t\t<div class=\"access-cards\">\n\t\t\t\t\t\t\t<div class=\"access-card-wrapper\">\n\t\t\t\t\t\t\t\t\t\t<div class=\"access-card\">\n\t\t\t\t\t\t<h3 class=\"access-card__title\">La comunicaci\u00f3n cient\u00edfica como herramienta contra la desinformaci\u00f3n.<\/h3>\n\t\t\t\t\t\t<p class=\"access-card__description\">\n\t\t\t\t\t\t\tLabrador Blanes, M. y Reyes Betanzo, C. (Coordinadoras) (2023).\t\t\t\t\t\t<\/p>\n\t\t\t\t\t\t\t\t\t\t\t\t\t\t\t\t\t\t<div class=\"access-card__link\">\n\t\t\t\t\t\t\t\t<a href=\"https:\/\/rileditores.com\/producto\/la-comunicacion-cientifica-como-herramienta-contra-la-desinformacion-en-la-neoglobalizacion\/\" class=\"access-card__link-text\" data-url=\"https:\/\/rileditores.com\/producto\/la-comunicacion-cientifica-como-herramienta-contra-la-desinformacion-en-la-neoglobalizacion\/\">PDF<\/a>\n\t\t\t\t\t\t\t<\/div>\n\t\t\t\t\t\t\t\t\t\t\t<\/div>\n\t\t\t\t<\/div>\n\t\t\t\t\t\t\t<div class=\"access-card-wrapper\">\n\t\t\t\t\t\t\t\t\t\t<div class=\"access-card\">\n\t\t\t\t\t\t<h3 class=\"access-card__title\">La comunicaci\u00f3n cient\u00edfica como herramienta contra la desinformaci\u00f3n en la neoglobalizaci\u00f3n<\/h3>\n\t\t\t\t\t\t<p class=\"access-card__description\">\n\t\t\t\t\t\t\tLabrador Blanes, M. y Reyes Betanzo, C. (Coordinadoras) (2023).\t\t\t\t\t\t<\/p>\n\t\t\t\t\t\t\t\t\t\t\t\t\t\t\t\t\t\t<div class=\"access-card__link\">\n\t\t\t\t\t\t\t\t<a href=\"https:\/\/rileditores.com\/producto\/la-comunicacion-cientifica-como-herramienta-contra-la-desinformacion-en-la-neoglobalizacion\/\" class=\"access-card__link-text\" data-url=\"https:\/\/rileditores.com\/producto\/la-comunicacion-cientifica-como-herramienta-contra-la-desinformacion-en-la-neoglobalizacion\/\">PDF<\/a>\n\t\t\t\t\t\t\t<\/div>\n\t\t\t\t\t\t\t\t\t\t\t<\/div>\n\t\t\t\t<\/div>\n\t\t\t\t\t\t\t<div class=\"access-card-wrapper\">\n\t\t\t\t\t\t\t\t\t\t<div class=\"access-card\">\n\t\t\t\t\t\t<h3 class=\"access-card__title\">Estrategias desinformativas sobre migraci\u00f3n en Chile: encuadre de noticias falsas respecto a la movilidad humana. Migraciones.<\/h3>\n\t\t\t\t\t\t<p class=\"access-card__description\">\n\t\t\t\t\t\t\tSibrian, N. (2023).\t\t\t\t\t\t<\/p>\n\t\t\t\t\t\t\t\t\t\t\t\t\t\t\t\t\t\t<div class=\"access-card__link\">\n\t\t\t\t\t\t\t\t<a href=\"https:\/\/doi.org\/10.14422\/mig.2023.0212023\" class=\"access-card__link-text\" data-url=\"https:\/\/doi.org\/10.14422\/mig.2023.0212023\">PDF<\/a>\n\t\t\t\t\t\t\t<\/div>\n\t\t\t\t\t\t\t\t\t\t\t<\/div>\n\t\t\t\t<\/div>\n\t\t\t\t\t\t\t<div class=\"access-card-wrapper\">\n\t\t\t\t\t\t\t\t\t\t<div class=\"access-card\">\n\t\t\t\t\t\t<h3 class=\"access-card__title\">Using a Social Robot to Aid Online Learning: Identifying Teachers\u2019 Media and Digital Competencies, Barriers and Opportunities. Communication and Applied Technologies, Springer Nature Singapore<\/h3>\n\t\t\t\t\t\t<p class=\"access-card__description\">\n\t\t\t\t\t\t\tSibrian, N. (2023).\t\t\t\t\t\t<\/p>\n\t\t\t\t\t\t\t\t\t\t\t\t\t\t\t\t<\/div>\n\t\t\t\t<\/div>\n\t\t\t\t\t\t<\/div>\n\t\t<\/div>\n\t<\/div>\n<\/section>\n\n\n<!-- WP Block: UDD - Cards Alternate -->\n<section class=\"wp-block-udd-access-cards\">\n\t<div class=\"container\">\n\t\t\t\t<header class=\"block__header\">\n\t\t\t<h2 class=\"block__title\">2022<\/h2>\n\t\t\t\t\t<\/header>\n\t\t\t\t<div class=\"block__content\">\n\t\t\t<div class=\"access-cards\">\n\t\t\t\t\t\t\t<div class=\"access-card-wrapper\">\n\t\t\t\t\t\t\t\t\t\t<div class=\"access-card\">\n\t\t\t\t\t\t<h3 class=\"access-card__title\">Los l\u00edmites de la memoria y la informaci\u00f3n: periodismo, \u00e9tica y el derecho al olvido<\/h3>\n\t\t\t\t\t\t<p class=\"access-card__description\">\n\t\t\t\t\t\t\tCetina, R. &amp; Guti\u00e9rrez, F. (2022).\t\t\t\t\t\t<\/p>\n\t\t\t\t\t\t\t\t\t\t\t\t\t\t\t\t\t\t<div class=\"access-card__link\">\n\t\t\t\t\t\t\t\t<a href=\"https:\/\/comunicaciones.udd.cl\/ceca\/files\/2025\/03\/lyezerska1a4.pdf\" class=\"access-card__link-text\" data-url=\"https:\/\/comunicaciones.udd.cl\/ceca\/files\/2025\/03\/lyezerska1a4.pdf\">PDF<\/a>\n\t\t\t\t\t\t\t<\/div>\n\t\t\t\t\t\t\t\t\t\t\t<\/div>\n\t\t\t\t<\/div>\n\t\t\t\t\t\t\t<div class=\"access-card-wrapper\">\n\t\t\t\t\t\t\t\t\t\t<div class=\"access-card\">\n\t\t\t\t\t\t<h3 class=\"access-card__title\"><\/h3>\n\t\t\t\t\t\t<p class=\"access-card__description\">\n\t\t\t\t\t\t\t\t\t\t\t\t\t<\/p>\n\t\t\t\t\t\t\t\t\t\t\t\t\t\t\t\t<\/div>\n\t\t\t\t<\/div>\n\t\t\t\t\t\t\t<div class=\"access-card-wrapper\">\n\t\t\t\t\t\t\t\t\t\t<div class=\"access-card\">\n\t\t\t\t\t\t<h3 class=\"access-card__title\"><\/h3>\n\t\t\t\t\t\t<p class=\"access-card__description\">\n\t\t\t\t\t\t\t\t\t\t\t\t\t<\/p>\n\t\t\t\t\t\t\t\t\t\t\t\t\t\t\t\t<\/div>\n\t\t\t\t<\/div>\n\t\t\t\t\t\t\t<div class=\"access-card-wrapper\">\n\t\t\t\t\t\t\t\t\t\t<div class=\"access-card\">\n\t\t\t\t\t\t<h3 class=\"access-card__title\"><\/h3>\n\t\t\t\t\t\t<p class=\"access-card__description\">\n\t\t\t\t\t\t\t\t\t\t\t\t\t<\/p>\n\t\t\t\t\t\t\t\t\t\t\t\t\t\t\t\t<\/div>\n\t\t\t\t<\/div>\n\t\t\t\t\t\t<\/div>\n\t\t<\/div>\n\t<\/div>\n<\/section>\n\n\n<!-- WP Block: UDD - Cards Alternate -->\n<section class=\"wp-block-udd-access-cards\">\n\t<div class=\"container\">\n\t\t\t\t<header class=\"block__header\">\n\t\t\t<h2 class=\"block__title\">2021<\/h2>\n\t\t\t\t\t<\/header>\n\t\t\t\t<div class=\"block__content\">\n\t\t\t<div class=\"access-cards\">\n\t\t\t\t\t\t\t<div class=\"access-card-wrapper\">\n\t\t\t\t\t\t\t\t\t\t<div class=\"access-card\">\n\t\t\t\t\t\t<h3 class=\"access-card__title\">Ajustes emocionales de una gestante e inmigrante en Chile: estrategias para atenuar el sufrimiento<\/h3>\n\t\t\t\t\t\t<p class=\"access-card__description\">\n\t\t\t\t\t\t\tSibrian, N. (2021).\t\t\t\t\t\t<\/p>\n\t\t\t\t\t\t\t\t\t\t\t\t\t\t\t\t\t\t<div class=\"access-card__link\">\n\t\t\t\t\t\t\t\t<a href=\"https:\/\/comunicaciones.udd.cl\/ceca\/files\/2025\/03\/gbiblioteca2836-13201-2-le.pdf\" class=\"access-card__link-text\" data-url=\"https:\/\/comunicaciones.udd.cl\/ceca\/files\/2025\/03\/gbiblioteca2836-13201-2-le.pdf\">PDF<\/a>\n\t\t\t\t\t\t\t<\/div>\n\t\t\t\t\t\t\t\t\t\t\t<\/div>\n\t\t\t\t<\/div>\n\t\t\t\t\t\t\t<div class=\"access-card-wrapper\">\n\t\t\t\t\t\t\t\t\t\t<div class=\"access-card\">\n\t\t\t\t\t\t<h3 class=\"access-card__title\"><\/h3>\n\t\t\t\t\t\t<p class=\"access-card__description\">\n\t\t\t\t\t\t\t\t\t\t\t\t\t<\/p>\n\t\t\t\t\t\t\t\t\t\t\t\t\t\t\t\t<\/div>\n\t\t\t\t<\/div>\n\t\t\t\t\t\t\t<div class=\"access-card-wrapper\">\n\t\t\t\t\t\t\t\t\t\t<div class=\"access-card\">\n\t\t\t\t\t\t<h3 class=\"access-card__title\"><\/h3>\n\t\t\t\t\t\t<p class=\"access-card__description\">\n\t\t\t\t\t\t\t\t\t\t\t\t\t<\/p>\n\t\t\t\t\t\t\t\t\t\t\t\t\t\t\t\t<\/div>\n\t\t\t\t<\/div>\n\t\t\t\t\t\t\t<div class=\"access-card-wrapper\">\n\t\t\t\t\t\t\t\t\t\t<div class=\"access-card\">\n\t\t\t\t\t\t<h3 class=\"access-card__title\"><\/h3>\n\t\t\t\t\t\t<p class=\"access-card__description\">\n\t\t\t\t\t\t\t\t\t\t\t\t\t<\/p>\n\t\t\t\t\t\t\t\t\t\t\t\t\t\t\t\t<\/div>\n\t\t\t\t<\/div>\n\t\t\t\t\t\t<\/div>\n\t\t<\/div>\n\t<\/div>\n<\/section>\n\n\n<!-- WP Block: UDD - Cards Alternate -->\n<section class=\"wp-block-udd-access-cards\">\n\t<div class=\"container\">\n\t\t\t\t<header class=\"block__header\">\n\t\t\t<h2 class=\"block__title\">2020<\/h2>\n\t\t\t\t\t<\/header>\n\t\t\t\t<div class=\"block__content\">\n\t\t\t<div class=\"access-cards\">\n\t\t\t\t\t\t\t<div class=\"access-card-wrapper\">\n\t\t\t\t\t\t\t\t\t\t<div class=\"access-card\">\n\t\t\t\t\t\t<h3 class=\"access-card__title\">Public Diplomacy in Latin America An Emerging Field of Practice?<\/h3>\n\t\t\t\t\t\t<p class=\"access-card__description\">\n\t\t\t\t\t\t\tAguirre, D. (2020).\t\t\t\t\t\t<\/p>\n\t\t\t\t\t\t\t\t\t\t\t\t\t\t\t\t\t\t<div class=\"access-card__link\">\n\t\t\t\t\t\t\t\t<a href=\"https:\/\/www.taylorfrancis.com\/chapters\/edit\/10.4324\/9780429465543-43\/public-diplomacy-latin-america-daniel-aguirre\" class=\"access-card__link-text\" data-url=\"https:\/\/www.taylorfrancis.com\/chapters\/edit\/10.4324\/9780429465543-43\/public-diplomacy-latin-america-daniel-aguirre\">PDF<\/a>\n\t\t\t\t\t\t\t<\/div>\n\t\t\t\t\t\t\t\t\t\t\t<\/div>\n\t\t\t\t<\/div>\n\t\t\t\t\t\t\t<div class=\"access-card-wrapper\">\n\t\t\t\t\t\t\t\t\t\t<div class=\"access-card\">\n\t\t\t\t\t\t<h3 class=\"access-card__title\"><\/h3>\n\t\t\t\t\t\t<p class=\"access-card__description\">\n\t\t\t\t\t\t\t\t\t\t\t\t\t<\/p>\n\t\t\t\t\t\t\t\t\t\t\t\t\t\t\t\t<\/div>\n\t\t\t\t<\/div>\n\t\t\t\t\t\t\t<div class=\"access-card-wrapper\">\n\t\t\t\t\t\t\t\t\t\t<div class=\"access-card\">\n\t\t\t\t\t\t<h3 class=\"access-card__title\"><\/h3>\n\t\t\t\t\t\t<p class=\"access-card__description\">\n\t\t\t\t\t\t\t\t\t\t\t\t\t<\/p>\n\t\t\t\t\t\t\t\t\t\t\t\t\t\t\t\t<\/div>\n\t\t\t\t<\/div>\n\t\t\t\t\t\t\t<div class=\"access-card-wrapper\">\n\t\t\t\t\t\t\t\t\t\t<div class=\"access-card\">\n\t\t\t\t\t\t<h3 class=\"access-card__title\"><\/h3>\n\t\t\t\t\t\t<p class=\"access-card__description\">\n\t\t\t\t\t\t\t\t\t\t\t\t\t<\/p>\n\t\t\t\t\t\t\t\t\t\t\t\t\t\t\t\t<\/div>\n\t\t\t\t<\/div>\n\t\t\t\t\t\t<\/div>\n\t\t<\/div>\n\t<\/div>\n<\/section>\n\n\n<!-- WP Block: UDD - Cards Alternate -->\n<section class=\"wp-block-udd-access-cards\">\n\t<div class=\"container\">\n\t\t\t\t<header class=\"block__header\">\n\t\t\t<h2 class=\"block__title\">2019<\/h2>\n\t\t\t\t\t<\/header>\n\t\t\t\t<div class=\"block__content\">\n\t\t\t<div class=\"access-cards\">\n\t\t\t\t\t\t\t<div class=\"access-card-wrapper\">\n\t\t\t\t\t\t\t\t\t\t<div class=\"access-card\">\n\t\t\t\t\t\t<h3 class=\"access-card__title\">Pluralismo y libre Competencia en el mercado de la televisi\u00f3n y radiodifusi\u00f3n: el caso chileno<\/h3>\n\t\t\t\t\t\t<p class=\"access-card__description\">\n\t\t\t\t\t\t\tAnguita Ram\u00edrez, P., &amp; Labrador Blanes, M. J. (2019).\t\t\t\t\t\t<\/p>\n\t\t\t\t\t\t\t\t\t\t\t\t\t\t\t\t\t\t<div class=\"access-card__link\">\n\t\t\t\t\t\t\t\t<a href=\"https:\/\/comunicaciones.udd.cl\/ceca\/files\/2025\/03\/lyudmylayezerskaanguita11-32.pdf\" class=\"access-card__link-text\" data-url=\"https:\/\/comunicaciones.udd.cl\/ceca\/files\/2025\/03\/lyudmylayezerskaanguita11-32.pdf\">PDF<\/a>\n\t\t\t\t\t\t\t<\/div>\n\t\t\t\t\t\t\t\t\t\t\t<\/div>\n\t\t\t\t<\/div>\n\t\t\t\t\t\t\t<div class=\"access-card-wrapper\">\n\t\t\t\t\t\t\t\t\t\t<div class=\"access-card\">\n\t\t\t\t\t\t<h3 class=\"access-card__title\">El relato acerca de lo femenino y lo masculino en el cine chileno (2000-2016)<\/h3>\n\t\t\t\t\t\t<p class=\"access-card__description\">\n\t\t\t\t\t\t\tHudson Fr\u00edas, E., Mezzera Regules, J., &amp; Moreno, A. (2019).\t\t\t\t\t\t<\/p>\n\t\t\t\t\t\t\t\t\t\t\t\t\t\t\t\t\t\t<div class=\"access-card__link\">\n\t\t\t\t\t\t\t\t<a href=\"https:\/\/comunicaciones.udd.cl\/ceca\/files\/2025\/03\/lyudmylayezerskahudson95-110.pdf\" class=\"access-card__link-text\" data-url=\"https:\/\/comunicaciones.udd.cl\/ceca\/files\/2025\/03\/lyudmylayezerskahudson95-110.pdf\">PDF<\/a>\n\t\t\t\t\t\t\t<\/div>\n\t\t\t\t\t\t\t\t\t\t\t<\/div>\n\t\t\t\t<\/div>\n\t\t\t\t\t\t\t<div class=\"access-card-wrapper\">\n\t\t\t\t\t\t\t\t\t\t<div class=\"access-card\">\n\t\t\t\t\t\t<h3 class=\"access-card__title\">Eficacia de los sitios webs como herramienta comunicacional de los Diputados chilenos<\/h3>\n\t\t\t\t\t\t<p class=\"access-card__description\">\n\t\t\t\t\t\t\tFuente-Alba Cariola, F., &amp; Parada Gavil\u00e1n, C. (2019).\t\t\t\t\t\t<\/p>\n\t\t\t\t\t\t\t\t\t\t\t\t\t\t\t\t\t\t<div class=\"access-card__link\">\n\t\t\t\t\t\t\t\t<a href=\"https:\/\/comunicaciones.udd.cl\/ceca\/files\/2025\/03\/lyudmylayezerskaa7.pdf\" class=\"access-card__link-text\" data-url=\"https:\/\/comunicaciones.udd.cl\/ceca\/files\/2025\/03\/lyudmylayezerskaa7.pdf\">PDF<\/a>\n\t\t\t\t\t\t\t<\/div>\n\t\t\t\t\t\t\t\t\t\t\t<\/div>\n\t\t\t\t<\/div>\n\t\t\t\t\t\t\t<div class=\"access-card-wrapper\">\n\t\t\t\t\t\t\t\t\t\t<div class=\"access-card\">\n\t\t\t\t\t\t<h3 class=\"access-card__title\">Las relaciones de las influencias en los procesos de producci\u00f3n informativa y sus efectos en la calidad period\u00edstica. Una visi\u00f3n desde Latinoam\u00e9rica<\/h3>\n\t\t\t\t\t\t<p class=\"access-card__description\">\n\t\t\t\t\t\t\tOdriazola, J., Guti\u00e9rrez, F., Dom\u00ednguez, J., &amp; P\u00e9rez, R. (2019).\t\t\t\t\t\t<\/p>\n\t\t\t\t\t\t\t\t\t\t\t\t\t\t\t\t\t\t<div class=\"access-card__link\">\n\t\t\t\t\t\t\t\t<a href=\"https:\/\/comunicaciones.udd.cl\/ceca\/files\/2025\/03\/18385-articulo-completo-ciego-38817-1-10-20200729.pdf\" class=\"access-card__link-text\" data-url=\"https:\/\/comunicaciones.udd.cl\/ceca\/files\/2025\/03\/18385-articulo-completo-ciego-38817-1-10-20200729.pdf\">PDF<\/a>\n\t\t\t\t\t\t\t<\/div>\n\t\t\t\t\t\t\t\t\t\t\t<\/div>\n\t\t\t\t<\/div>\n\t\t\t\t\t\t<\/div>\n\t\t<\/div>\n\t<\/div>\n<\/section>\n\n\n\n<p><\/p>\n","protected":false},"excerpt":{"rendered":"","protected":false},"author":21,"featured_media":0,"parent":0,"menu_order":0,"comment_status":"closed","ping_status":"closed","template":"","meta":{"footnotes":""},"class_list":["post-107","page","type-page","status-publish","hentry"],"yoast_head":"<!-- This site is optimized with the Yoast SEO plugin v26.9 - https:\/\/yoast.com\/product\/yoast-seo-wordpress\/ -->\n<title>Publicaciones - CECA - Facultad de Comunicaciones UDD<\/title>\n<meta name=\"robots\" content=\"index, follow, max-snippet:-1, max-image-preview:large, max-video-preview:-1\" \/>\n<link rel=\"canonical\" href=\"https:\/\/comunicaciones.udd.cl\/ceca\/publicaciones-impresas\/\" \/>\n<meta property=\"og:locale\" content=\"es_ES\" \/>\n<meta property=\"og:type\" content=\"article\" \/>\n<meta property=\"og:title\" content=\"Publicaciones - CECA - Facultad de Comunicaciones UDD\" \/>\n<meta property=\"og:url\" content=\"https:\/\/comunicaciones.udd.cl\/ceca\/publicaciones-impresas\/\" \/>\n<meta property=\"og:site_name\" content=\"CECA - Facultad de Comunicaciones UDD\" \/>\n<meta property=\"article:modified_time\" content=\"2025-11-21T12:58:35+00:00\" \/>\n<meta name=\"twitter:card\" content=\"summary_large_image\" \/>\n<script type=\"application\/ld+json\" class=\"yoast-schema-graph\">{\"@context\":\"https:\/\/schema.org\",\"@graph\":[{\"@type\":\"WebPage\",\"@id\":\"https:\/\/comunicaciones.udd.cl\/ceca\/publicaciones-impresas\/\",\"url\":\"https:\/\/comunicaciones.udd.cl\/ceca\/publicaciones-impresas\/\",\"name\":\"Publicaciones - CECA - Facultad de Comunicaciones UDD\",\"isPartOf\":{\"@id\":\"https:\/\/comunicaciones.udd.cl\/ceca\/#website\"},\"datePublished\":\"2025-03-10T05:23:39+00:00\",\"dateModified\":\"2025-11-21T12:58:35+00:00\",\"breadcrumb\":{\"@id\":\"https:\/\/comunicaciones.udd.cl\/ceca\/publicaciones-impresas\/#breadcrumb\"},\"inLanguage\":\"es\",\"potentialAction\":[{\"@type\":\"ReadAction\",\"target\":[\"https:\/\/comunicaciones.udd.cl\/ceca\/publicaciones-impresas\/\"]}]},{\"@type\":\"BreadcrumbList\",\"@id\":\"https:\/\/comunicaciones.udd.cl\/ceca\/publicaciones-impresas\/#breadcrumb\",\"itemListElement\":[{\"@type\":\"ListItem\",\"position\":1,\"name\":\"Portada\",\"item\":\"https:\/\/comunicaciones.udd.cl\/ceca\/\"},{\"@type\":\"ListItem\",\"position\":2,\"name\":\"Publicaciones\"}]},{\"@type\":\"WebSite\",\"@id\":\"https:\/\/comunicaciones.udd.cl\/ceca\/#website\",\"url\":\"https:\/\/comunicaciones.udd.cl\/ceca\/\",\"name\":\"CECA - Facultad de Comunicaciones UDD\",\"description\":\"\",\"inLanguage\":\"es\"}]}<\/script>\n<!-- \/ Yoast SEO plugin. -->","yoast_head_json":{"title":"Publicaciones - CECA - Facultad de Comunicaciones UDD","robots":{"index":"index","follow":"follow","max-snippet":"max-snippet:-1","max-image-preview":"max-image-preview:large","max-video-preview":"max-video-preview:-1"},"canonical":"https:\/\/comunicaciones.udd.cl\/ceca\/publicaciones-impresas\/","og_locale":"es_ES","og_type":"article","og_title":"Publicaciones - CECA - Facultad de Comunicaciones UDD","og_url":"https:\/\/comunicaciones.udd.cl\/ceca\/publicaciones-impresas\/","og_site_name":"CECA - Facultad de Comunicaciones UDD","article_modified_time":"2025-11-21T12:58:35+00:00","twitter_card":"summary_large_image","schema":{"@context":"https:\/\/schema.org","@graph":[{"@type":"WebPage","@id":"https:\/\/comunicaciones.udd.cl\/ceca\/publicaciones-impresas\/","url":"https:\/\/comunicaciones.udd.cl\/ceca\/publicaciones-impresas\/","name":"Publicaciones - CECA - Facultad de Comunicaciones UDD","isPartOf":{"@id":"https:\/\/comunicaciones.udd.cl\/ceca\/#website"},"datePublished":"2025-03-10T05:23:39+00:00","dateModified":"2025-11-21T12:58:35+00:00","breadcrumb":{"@id":"https:\/\/comunicaciones.udd.cl\/ceca\/publicaciones-impresas\/#breadcrumb"},"inLanguage":"es","potentialAction":[{"@type":"ReadAction","target":["https:\/\/comunicaciones.udd.cl\/ceca\/publicaciones-impresas\/"]}]},{"@type":"BreadcrumbList","@id":"https:\/\/comunicaciones.udd.cl\/ceca\/publicaciones-impresas\/#breadcrumb","itemListElement":[{"@type":"ListItem","position":1,"name":"Portada","item":"https:\/\/comunicaciones.udd.cl\/ceca\/"},{"@type":"ListItem","position":2,"name":"Publicaciones"}]},{"@type":"WebSite","@id":"https:\/\/comunicaciones.udd.cl\/ceca\/#website","url":"https:\/\/comunicaciones.udd.cl\/ceca\/","name":"CECA - Facultad de Comunicaciones UDD","description":"","inLanguage":"es"}]}},"_links":{"self":[{"href":"https:\/\/comunicaciones.udd.cl\/ceca\/wp-json\/wp\/v2\/pages\/107","targetHints":{"allow":["GET"]}}],"collection":[{"href":"https:\/\/comunicaciones.udd.cl\/ceca\/wp-json\/wp\/v2\/pages"}],"about":[{"href":"https:\/\/comunicaciones.udd.cl\/ceca\/wp-json\/wp\/v2\/types\/page"}],"author":[{"embeddable":true,"href":"https:\/\/comunicaciones.udd.cl\/ceca\/wp-json\/wp\/v2\/users\/21"}],"replies":[{"embeddable":true,"href":"https:\/\/comunicaciones.udd.cl\/ceca\/wp-json\/wp\/v2\/comments?post=107"}],"version-history":[{"count":30,"href":"https:\/\/comunicaciones.udd.cl\/ceca\/wp-json\/wp\/v2\/pages\/107\/revisions"}],"predecessor-version":[{"id":356,"href":"https:\/\/comunicaciones.udd.cl\/ceca\/wp-json\/wp\/v2\/pages\/107\/revisions\/356"}],"wp:attachment":[{"href":"https:\/\/comunicaciones.udd.cl\/ceca\/wp-json\/wp\/v2\/media?parent=107"}],"curies":[{"name":"wp","href":"https:\/\/api.w.org\/{rel}","templated":true}]}}